{"id":2001,"date":"2019-06-05T11:00:49","date_gmt":"2019-06-05T13:00:49","guid":{"rendered":"http:\/\/faroljornalismo.cc\/blog\/?page_id=2001"},"modified":"2019-07-11T21:18:24","modified_gmt":"2019-07-11T23:18:24","slug":"miraglia","status":"publish","type":"page","link":"http:\/\/faroljornalismo.cc\/blog\/miraglia\/","title":{"rendered":"Trajet\u00f3ria do Nexo Jornal demonstra for\u00e7a do relacionamento com o p\u00fablico e sugere segmenta\u00e7\u00e3o para o futuro das reda\u00e7\u00f5es &#8211; entrevista com Paula Miraglia"},"content":{"rendered":"\t\t<div data-elementor-type=\"wp-post\" data-elementor-id=\"2001\" class=\"elementor elementor-2001\" data-elementor-settings=\"[]\">\n\t\t\t\t\t\t<div class=\"elementor-inner\">\n\t\t\t\t\t\t\t<div class=\"elementor-section-wrap\">\n\t\t\t\t\t\t\t<section class=\"elementor-section elementor-top-section elementor-element elementor-element-fdd0b26 elementor-section-full_width elementor-section-height-default elementor-section-height-default\" data-id=\"fdd0b26\" data-element_type=\"section\">\n\t\t\t\t\t\t<div class=\"elementor-container elementor-column-gap-default\">\n\t\t\t\t\t\t\t<div class=\"elementor-row\">\n\t\t\t\t\t<div class=\"elementor-column elementor-col-100 elementor-top-column elementor-element elementor-element-078fa9b\" data-id=\"078fa9b\" data-element_type=\"column\">\n\t\t\t<div class=\"elementor-column-wrap elementor-element-populated\">\n\t\t\t\t\t\t\t<div class=\"elementor-widget-wrap\">\n\t\t\t\t\t\t<div class=\"elementor-element elementor-element-bdf8c9b elementor-widget elementor-widget-heading\" data-id=\"bdf8c9b\" data-element_type=\"widget\" data-widget_type=\"heading.default\">\n\t\t\t\t<div class=\"elementor-widget-container\">\n\t\t\t<h1 class=\"elementor-heading-title elementor-size-large\">Trajet\u00f3ria do Nexo Jornal demonstra for\u00e7a do relacionamento com o p\u00fablico e sugere segmenta\u00e7\u00e3o para o futuro das reda\u00e7\u00f5es<\/h1>\t\t<\/div>\n\t\t\t\t<\/div>\n\t\t\t\t<div class=\"elementor-element elementor-element-c75672c elementor-widget elementor-widget-spacer\" data-id=\"c75672c\" data-element_type=\"widget\" data-widget_type=\"spacer.default\">\n\t\t\t\t<div class=\"elementor-widget-container\">\n\t\t\t\t\t<div class=\"elementor-spacer\">\n\t\t\t<div class=\"elementor-spacer-inner\"><\/div>\n\t\t<\/div>\n\t\t\t\t<\/div>\n\t\t\t\t<\/div>\n\t\t\t\t<div class=\"elementor-element elementor-element-43ea6e5 elementor-widget elementor-widget-heading\" data-id=\"43ea6e5\" data-element_type=\"widget\" data-widget_type=\"heading.default\">\n\t\t\t\t<div class=\"elementor-widget-container\">\n\t\t\t<h2 class=\"elementor-heading-title elementor-size-medium\">Em entrevista ao Farol Jornalismo, a CEO e cofundadora do Nexo Jornal, Paula Miraglia, relaciona capacidade de mudan\u00e7a \u00e0 inova\u00e7\u00e3o e projeta crescimento, com lan\u00e7amento de um novo ve\u00edculo ainda neste ano<\/h2>\t\t<\/div>\n\t\t\t\t<\/div>\n\t\t\t\t<div class=\"elementor-element elementor-element-1a26a5b elementor-widget elementor-widget-spacer\" data-id=\"1a26a5b\" data-element_type=\"widget\" data-widget_type=\"spacer.default\">\n\t\t\t\t<div class=\"elementor-widget-container\">\n\t\t\t\t\t<div class=\"elementor-spacer\">\n\t\t\t<div class=\"elementor-spacer-inner\"><\/div>\n\t\t<\/div>\n\t\t\t\t<\/div>\n\t\t\t\t<\/div>\n\t\t\t\t<div class=\"elementor-element elementor-element-9ffc9d7 elementor-widget elementor-widget-spacer\" data-id=\"9ffc9d7\" data-element_type=\"widget\" data-widget_type=\"spacer.default\">\n\t\t\t\t<div class=\"elementor-widget-container\">\n\t\t\t\t\t<div class=\"elementor-spacer\">\n\t\t\t<div class=\"elementor-spacer-inner\"><\/div>\n\t\t<\/div>\n\t\t\t\t<\/div>\n\t\t\t\t<\/div>\n\t\t\t\t<section class=\"elementor-section elementor-inner-section elementor-element elementor-element-7acddf0 elementor-section-boxed elementor-section-height-default elementor-section-height-default\" data-id=\"7acddf0\" data-element_type=\"section\">\n\t\t\t\t\t\t<div class=\"elementor-container elementor-column-gap-default\">\n\t\t\t\t\t\t\t<div class=\"elementor-row\">\n\t\t\t\t\t<div class=\"elementor-column elementor-col-50 elementor-inner-column elementor-element elementor-element-cbe643c\" data-id=\"cbe643c\" data-element_type=\"column\">\n\t\t\t<div class=\"elementor-column-wrap elementor-element-populated\">\n\t\t\t\t\t\t\t<div class=\"elementor-widget-wrap\">\n\t\t\t\t\t\t<div class=\"elementor-element elementor-element-ef1ceb0 elementor-widget elementor-widget-text-editor\" data-id=\"ef1ceb0\" data-element_type=\"widget\" data-widget_type=\"text-editor.default\">\n\t\t\t\t<div class=\"elementor-widget-container\">\n\t\t\t\t\t\t\t\t<div class=\"elementor-text-editor elementor-clearfix\">\n\t\t\t\t<em>Como a inova\u00e7\u00e3o tem sido tratada nas organiza\u00e7\u00f5es jornal\u00edsticas brasileiras? Com essa pergunta norteadora, o Farol Jornalismo inicia hoje uma s\u00e9rie de entrevistas que pretende mapear as principais tend\u00eancias nas reda\u00e7\u00f5es do pa\u00eds em 2019. Inspirados pelo <a href=\"https:\/\/reutersinstitute.politics.ox.ac.uk\/our-research\/journalism-media-and-technology-trends-and-predictions-2019\" target=\"_blank\" rel=\"noopener\">relat\u00f3rio do Reuters Institute<\/a>, da Universidade de Oxford, vamos atr\u00e1s das oportunidades e desafios enfrentados pelo jornalismo neste ano.<\/em>\t\t\t\t\t<\/div>\n\t\t\t\t\t\t<\/div>\n\t\t\t\t<\/div>\n\t\t\t\t\t\t<\/div>\n\t\t\t\t\t<\/div>\n\t\t<\/div>\n\t\t\t\t<div class=\"elementor-column elementor-col-50 elementor-inner-column elementor-element elementor-element-21dc492\" data-id=\"21dc492\" data-element_type=\"column\">\n\t\t\t<div class=\"elementor-column-wrap elementor-element-populated\">\n\t\t\t\t\t\t\t<div class=\"elementor-widget-wrap\">\n\t\t\t\t\t\t<div class=\"elementor-element elementor-element-8e25f57 elementor-widget elementor-widget-spacer\" data-id=\"8e25f57\" data-element_type=\"widget\" data-widget_type=\"spacer.default\">\n\t\t\t\t<div class=\"elementor-widget-container\">\n\t\t\t\t\t<div class=\"elementor-spacer\">\n\t\t\t<div class=\"elementor-spacer-inner\"><\/div>\n\t\t<\/div>\n\t\t\t\t<\/div>\n\t\t\t\t<\/div>\n\t\t\t\t<div class=\"elementor-element elementor-element-8b06b39 elementor-widget elementor-widget-text-editor\" data-id=\"8b06b39\" data-element_type=\"widget\" data-widget_type=\"text-editor.default\">\n\t\t\t\t<div class=\"elementor-widget-container\">\n\t\t\t\t\t\t\t\t<div class=\"elementor-text-editor elementor-clearfix\">\n\t\t\t\t<p><strong>Entrevista e texto<\/strong><\/p>\t\t\t\t\t<\/div>\n\t\t\t\t\t\t<\/div>\n\t\t\t\t<\/div>\n\t\t\t\t<div class=\"elementor-element elementor-element-60aed86 elementor-widget elementor-widget-text-editor\" data-id=\"60aed86\" data-element_type=\"widget\" data-widget_type=\"text-editor.default\">\n\t\t\t\t<div class=\"elementor-widget-container\">\n\t\t\t\t\t\t\t\t<div class=\"elementor-text-editor elementor-clearfix\">\n\t\t\t\t<p><strong>Edi\u00e7\u00e3o<\/strong><\/p>\t\t\t\t\t<\/div>\n\t\t\t\t\t\t<\/div>\n\t\t\t\t<\/div>\n\t\t\t\t\t\t<\/div>\n\t\t\t\t\t<\/div>\n\t\t<\/div>\n\t\t\t\t\t\t\t\t<\/div>\n\t\t\t\t\t<\/div>\n\t\t<\/section>\n\t\t\t\t\t\t<\/div>\n\t\t\t\t\t<\/div>\n\t\t<\/div>\n\t\t\t\t\t\t\t\t<\/div>\n\t\t\t\t\t<\/div>\n\t\t<\/section>\n\t\t\t\t<section class=\"elementor-section elementor-top-section elementor-element elementor-element-c7ebf62 elementor-section-boxed elementor-section-height-default elementor-section-height-default\" data-id=\"c7ebf62\" data-element_type=\"section\">\n\t\t\t\t\t\t<div class=\"elementor-container elementor-column-gap-default\">\n\t\t\t\t\t\t\t<div class=\"elementor-row\">\n\t\t\t\t\t<div class=\"elementor-column elementor-col-100 elementor-top-column elementor-element elementor-element-2f27847\" data-id=\"2f27847\" data-element_type=\"column\">\n\t\t\t<div class=\"elementor-column-wrap elementor-element-populated\">\n\t\t\t\t\t\t\t<div class=\"elementor-widget-wrap\">\n\t\t\t\t\t\t<div class=\"elementor-element elementor-element-9f4a601 elementor-widget elementor-widget-spacer\" data-id=\"9f4a601\" data-element_type=\"widget\" data-widget_type=\"spacer.default\">\n\t\t\t\t<div class=\"elementor-widget-container\">\n\t\t\t\t\t<div class=\"elementor-spacer\">\n\t\t\t<div class=\"elementor-spacer-inner\"><\/div>\n\t\t<\/div>\n\t\t\t\t<\/div>\n\t\t\t\t<\/div>\n\t\t\t\t<div class=\"elementor-element elementor-element-d4d15c3 elementor-widget elementor-widget-text-editor\" data-id=\"d4d15c3\" data-element_type=\"widget\" data-widget_type=\"text-editor.default\">\n\t\t\t\t<div class=\"elementor-widget-container\">\n\t\t\t\t\t\t\t\t<div class=\"elementor-text-editor elementor-clearfix\">\n\t\t\t\t<em>A primeira entrevistada \u00e9 Paula Miraglia, CEO e cofundadora do Nexo Jornal. Por Skype, conversamos sobre sustentabilidade financeira &#8211; que vir\u00e1 este ano, segundo ela &#8211; e sobre a cultura de inova\u00e7\u00e3o, que \u00e9 marca desde a cria\u00e7\u00e3o do ve\u00edculo, em 2015. \u201c<a href=\"#aspa1\">A capacidade de experimentar, mudar r\u00e1pido e inovar \u00e9 a nossa grande vantagem competitiva<\/a>\u201d, afirma.<\/em><br><br>\n\n<em>Alcan\u00e7ar mais pessoas est\u00e1 entre os principais desafios do Nexo. \u201c<a href=\"#aspa2\">Queremos crescer, tem muita gente que ainda n\u00e3o nos conhece. Apostamos na qualidade do nosso produto e vemos isso pela taxa de convers\u00e3o de audi\u00eancia e assinantes<\/a>\u201d, diz. Embora n\u00e3o informe esses n\u00fameros, Miraglia afirma que h\u00e1 um crescimento constante e sustent\u00e1vel.<\/em><br><br>\n\n<em>A diversidade de projetos previstos para 2019 ratifica o cen\u00e1rio positivo: nova se\u00e7\u00e3o no site, projeto para estudantes de jornalismo negros, Nexo Edu para cursinhos populares, nova temporada do podcast Politiqu\u00eas e at\u00e9 um novo ve\u00edculo est\u00e3o no horizonte do Nexo. Em primeira m\u00e3o, Miraglia conta que a publica\u00e7\u00e3o ser\u00e1 lan\u00e7ada ainda este ano. \u201c<a href=\"#aspa3\">N\u00e3o tem nada a ver com o Nexo, mas \u00e9 dentro do nosso grupo. E estamos montando uma equipe nova para isso<\/a>\u201d.<\/em><br><br>\n\n<em>Al\u00e9m de dom\u00ednio sobre as estrat\u00e9gias de neg\u00f3cio, \u00e9 percept\u00edvel a sua empolga\u00e7\u00e3o ao falar sobre o relacionamento do jornal com os leitores. Miraglia d\u00e1 exemplos e enfatiza que o endosso p\u00fablico \u00e9 um dos principais indicadores de sucesso. \u201c<a href=\"#aspa4\">As pessoas apontam erros, a gente responde; fazem perguntas, a gente explica; reclamam que t\u00eam que pagar para ler o jornal, a gente explica por que a assinatura foi nossa aposta. Isso j\u00e1 criou, nas nossas redes sociais, uma interlocu\u00e7\u00e3o muito grande<\/a>\u201d, conta.<\/em><br><br>\n\n<em>Entre os destaques recentes est\u00e3o o pr\u00eamio de <a href=\"https:\/\/www.nexojornal.com.br\/expresso\/2018\/11\/21\/%E2%80%98Nexo%E2%80%99-vence-pr%C3%AAmio-de-melhor-site-de-not%C3%ADcias-da-Am%C3%A9rica-Latina\" target=\"_blank\" rel=\"noopener\">melhor site de not\u00edcias da Am\u00e9rica Latina pela WAN-IFRA<\/a>, um lugar na lista de finalistas a <a href=\"https:\/\/twitter.com\/NexoJornal\/status\/1122987674384515072\" target=\"_blank\" rel=\"noopener\">melhor site de not\u00edcias do mundo<\/a> &#8211; concorrendo com o Guardian e o Washington Post &#8211; e a conquista do selo do <a href=\"https:\/\/www.nexojornal.com.br\/about\/Padr%C3%B5es-editoriais-do-Nexo\">Trust Project<\/a>.<\/em><br><br>\n\n<em>Antes de come\u00e7ar, algumas informa\u00e7\u00f5es importantes. N\u00f3s n\u00e3o apenas entrevistamos a Paula. N\u00f3s comentamos a entrevista, oferecendo a voc\u00eas alguns recursos para contextualizar a discuss\u00e3o. Aqui embaixo, \u00e0 esquerda voc\u00eas encontram as legendas dos \u00edcones utilizados para orientar a leitura comentada. \u00c0 direita, voc\u00eas encontram alguns assuntos citados pela entrevistada. Ao clicar voc\u00eas v\u00e3o direto para o ponto da entrevista em que o assunto \u00e9 citado.<\/em>\t\t\t\t\t<\/div>\n\t\t\t\t\t\t<\/div>\n\t\t\t\t<\/div>\n\t\t\t\t<div class=\"elementor-element elementor-element-999d7c4 elementor-widget elementor-widget-spacer\" data-id=\"999d7c4\" data-element_type=\"widget\" data-widget_type=\"spacer.default\">\n\t\t\t\t<div class=\"elementor-widget-container\">\n\t\t\t\t\t<div class=\"elementor-spacer\">\n\t\t\t<div class=\"elementor-spacer-inner\"><\/div>\n\t\t<\/div>\n\t\t\t\t<\/div>\n\t\t\t\t<\/div>\n\t\t\t\t\t\t<\/div>\n\t\t\t\t\t<\/div>\n\t\t<\/div>\n\t\t\t\t\t\t\t\t<\/div>\n\t\t\t\t\t<\/div>\n\t\t<\/section>\n\t\t\t\t<section class=\"elementor-section elementor-top-section elementor-element elementor-element-55d2eb0 elementor-section-boxed elementor-section-height-default elementor-section-height-default\" data-id=\"55d2eb0\" data-element_type=\"section\">\n\t\t\t\t\t\t<div class=\"elementor-container elementor-column-gap-default\">\n\t\t\t\t\t\t\t<div class=\"elementor-row\">\n\t\t\t\t\t<div class=\"elementor-column elementor-col-25 elementor-top-column elementor-element elementor-element-e029a74\" data-id=\"e029a74\" data-element_type=\"column\">\n\t\t\t<div class=\"elementor-column-wrap\">\n\t\t\t\t\t\t\t<div class=\"elementor-widget-wrap\">\n\t\t\t\t\t\t\t\t<\/div>\n\t\t\t\t\t<\/div>\n\t\t<\/div>\n\t\t\t\t<div class=\"elementor-column elementor-col-25 elementor-top-column elementor-element elementor-element-39ec532\" data-id=\"39ec532\" data-element_type=\"column\">\n\t\t\t<div class=\"elementor-column-wrap elementor-element-populated\">\n\t\t\t\t\t\t\t<div class=\"elementor-widget-wrap\">\n\t\t\t\t\t\t<div class=\"elementor-element elementor-element-b7bd597 elementor-view-default elementor-widget elementor-widget-icon\" data-id=\"b7bd597\" data-element_type=\"widget\" data-widget_type=\"icon.default\">\n\t\t\t\t<div class=\"elementor-widget-container\">\n\t\t\t\t\t<div class=\"elementor-icon-wrapper\">\n\t\t\t<div class=\"elementor-icon\">\n\t\t\t\t\t\t\t<i class=\"fa fa-pause\" aria-hidden=\"true\"><\/i>\n\t\t\t\t\t\t<\/div>\n\t\t<\/div>\n\t\t\t\t<\/div>\n\t\t\t\t<\/div>\n\t\t\t\t<div class=\"elementor-element elementor-element-8b12e40 elementor-view-default elementor-widget elementor-widget-icon\" data-id=\"8b12e40\" data-element_type=\"widget\" data-widget_type=\"icon.default\">\n\t\t\t\t<div class=\"elementor-widget-container\">\n\t\t\t\t\t<div class=\"elementor-icon-wrapper\">\n\t\t\t<div class=\"elementor-icon\">\n\t\t\t\t\t\t\t<i class=\"fa fa-file\" aria-hidden=\"true\"><\/i>\n\t\t\t\t\t\t<\/div>\n\t\t<\/div>\n\t\t\t\t<\/div>\n\t\t\t\t<\/div>\n\t\t\t\t<div class=\"elementor-element elementor-element-1cf2824 elementor-view-default elementor-widget elementor-widget-icon\" data-id=\"1cf2824\" data-element_type=\"widget\" data-widget_type=\"icon.default\">\n\t\t\t\t<div class=\"elementor-widget-container\">\n\t\t\t\t\t<div class=\"elementor-icon-wrapper\">\n\t\t\t<div class=\"elementor-icon\">\n\t\t\t\t\t\t\t<i class=\"fa fa-quote-left\" aria-hidden=\"true\"><\/i>\n\t\t\t\t\t\t<\/div>\n\t\t<\/div>\n\t\t\t\t<\/div>\n\t\t\t\t<\/div>\n\t\t\t\t\t\t<\/div>\n\t\t\t\t\t<\/div>\n\t\t<\/div>\n\t\t\t\t<div class=\"elementor-column elementor-col-25 elementor-top-column elementor-element elementor-element-440a3de\" data-id=\"440a3de\" data-element_type=\"column\">\n\t\t\t<div class=\"elementor-column-wrap elementor-element-populated\">\n\t\t\t\t\t\t\t<div class=\"elementor-widget-wrap\">\n\t\t\t\t\t\t<div class=\"elementor-element elementor-element-3a2a5ec elementor-widget elementor-widget-text-editor\" data-id=\"3a2a5ec\" data-element_type=\"widget\" data-widget_type=\"text-editor.default\">\n\t\t\t\t<div class=\"elementor-widget-container\">\n\t\t\t\t\t\t\t\t<div class=\"elementor-text-editor elementor-clearfix\">\n\t\t\t\tPausa para um par\u00eantese: quando voc\u00ea encontrar este \u00edcone, significa que l\u00e1 vem um coment\u00e1rio nosso para enriquecer e contextualizar a leitura.\t\t\t\t\t<\/div>\n\t\t\t\t\t\t<\/div>\n\t\t\t\t<\/div>\n\t\t\t\t<div class=\"elementor-element elementor-element-d83b05d elementor-widget elementor-widget-text-editor\" data-id=\"d83b05d\" data-element_type=\"widget\" data-widget_type=\"text-editor.default\">\n\t\t\t\t<div class=\"elementor-widget-container\">\n\t\t\t\t\t\t\t\t<div class=\"elementor-text-editor elementor-clearfix\">\n\t\t\t\tDocumento: quando este \u00edcone aparecer, junto dele estar\u00e1 um link direcionando para algum documento importante citado no coment\u00e1rio ou na entrevista.\t\t\t\t\t<\/div>\n\t\t\t\t\t\t<\/div>\n\t\t\t\t<\/div>\n\t\t\t\t<div class=\"elementor-element elementor-element-b76c548 elementor-widget elementor-widget-text-editor\" data-id=\"b76c548\" data-element_type=\"widget\" data-widget_type=\"text-editor.default\">\n\t\t\t\t<div class=\"elementor-widget-container\">\n\t\t\t\t\t\t\t\t<div class=\"elementor-text-editor elementor-clearfix\">\n\t\t\t\tAspas: um cl\u00e1ssico. Junto deste \u00edcone estar\u00e1 um trecho da fala do entrevistado. Voc\u00ea tamb\u00e9m pode clicar nos trechos do abre para ir direto ao ponto.\t\t\t\t\t<\/div>\n\t\t\t\t\t\t<\/div>\n\t\t\t\t<\/div>\n\t\t\t\t<div class=\"elementor-element elementor-element-bd6c295 elementor-widget elementor-widget-text-editor\" data-id=\"bd6c295\" data-element_type=\"widget\" data-widget_type=\"text-editor.default\">\n\t\t\t\t<div class=\"elementor-widget-container\">\n\t\t\t\t\t\t\t\t<div class=\"elementor-text-editor elementor-clearfix\">\n\t\t\t\tInsights da equipe do Farol Jornalismo: sempre ao final de cada entrevista, compartilharemos pequenas reflex\u00f5es a respeito da discuss\u00e3o proposta.\t\t\t\t\t<\/div>\n\t\t\t\t\t\t<\/div>\n\t\t\t\t<\/div>\n\t\t\t\t\t\t<\/div>\n\t\t\t\t\t<\/div>\n\t\t<\/div>\n\t\t\t\t<div class=\"elementor-column elementor-col-25 elementor-top-column elementor-element elementor-element-c7932fa\" data-id=\"c7932fa\" data-element_type=\"column\">\n\t\t\t<div class=\"elementor-column-wrap\">\n\t\t\t\t\t\t\t<div class=\"elementor-widget-wrap\">\n\t\t\t\t\t\t\t\t<\/div>\n\t\t\t\t\t<\/div>\n\t\t<\/div>\n\t\t\t\t\t\t\t\t<\/div>\n\t\t\t\t\t<\/div>\n\t\t<\/section>\n\t\t\t\t<section class=\"elementor-section elementor-top-section elementor-element elementor-element-12aa6af elementor-section-boxed elementor-section-height-default elementor-section-height-default\" data-id=\"12aa6af\" data-element_type=\"section\">\n\t\t\t\t\t\t<div class=\"elementor-container elementor-column-gap-default\">\n\t\t\t\t\t\t\t<div class=\"elementor-row\">\n\t\t\t\t\t<div class=\"elementor-column elementor-col-100 elementor-top-column elementor-element elementor-element-71f2251\" data-id=\"71f2251\" data-element_type=\"column\">\n\t\t\t<div class=\"elementor-column-wrap elementor-element-populated\">\n\t\t\t\t\t\t\t<div class=\"elementor-widget-wrap\">\n\t\t\t\t\t\t<div class=\"elementor-element elementor-element-b9f4fa8 elementor-widget elementor-widget-spacer\" data-id=\"b9f4fa8\" data-element_type=\"widget\" data-widget_type=\"spacer.default\">\n\t\t\t\t<div class=\"elementor-widget-container\">\n\t\t\t\t\t<div class=\"elementor-spacer\">\n\t\t\t<div class=\"elementor-spacer-inner\"><\/div>\n\t\t<\/div>\n\t\t\t\t<\/div>\n\t\t\t\t<\/div>\n\t\t\t\t<div class=\"elementor-element elementor-element-8613a34 elementor-widget elementor-widget-text-editor\" data-id=\"8613a34\" data-element_type=\"widget\" data-widget_type=\"text-editor.default\">\n\t\t\t\t<div class=\"elementor-widget-container\">\n\t\t\t\t\t\t\t\t<div class=\"elementor-text-editor elementor-clearfix\">\n\t\t\t\t<em>Confira a entrevista.<\/em>\t\t\t\t\t<\/div>\n\t\t\t\t\t\t<\/div>\n\t\t\t\t<\/div>\n\t\t\t\t<div class=\"elementor-element elementor-element-9065aaa elementor-widget elementor-widget-text-editor\" data-id=\"9065aaa\" data-element_type=\"widget\" data-widget_type=\"text-editor.default\">\n\t\t\t\t<div class=\"elementor-widget-container\">\n\t\t\t\t\t\t\t\t<div class=\"elementor-text-editor elementor-clearfix\">\n\t\t\t\t<strong>Como est\u00e1 estruturado o Nexo em termos de editorias e \u00e1reas dentro da reda\u00e7\u00e3o?<\/strong><br><br>\n\nHoje o Nexo tem os n\u00facleos Pol\u00edtica, Economia e Internacional; o n\u00facleo de Contemporaneidades, que re\u00fane urbanismo, sa\u00fade p\u00fablica, seguran\u00e7a p\u00fablica, cultura, internet etc; o n\u00facleo de Projetos Especiais, onde s\u00e3o planejados projetos e organizadas as pautas dos interativos, dos projetos especiais mensais. Temos ainda os n\u00facleos de Infografia, Arte, Tecnologia e Opera\u00e7\u00f5es.\t\t\t\t\t<\/div>\n\t\t\t\t\t\t<\/div>\n\t\t\t\t<\/div>\n\t\t\t\t\t\t<\/div>\n\t\t\t\t\t<\/div>\n\t\t<\/div>\n\t\t\t\t\t\t\t\t<\/div>\n\t\t\t\t\t<\/div>\n\t\t<\/section>\n\t\t\t\t<section class=\"elementor-section elementor-top-section elementor-element elementor-element-d072d8d elementor-section-boxed elementor-section-height-default elementor-section-height-default\" data-id=\"d072d8d\" data-element_type=\"section\">\n\t\t\t\t\t\t<div class=\"elementor-container elementor-column-gap-default\">\n\t\t\t\t\t\t\t<div class=\"elementor-row\">\n\t\t\t\t\t<div class=\"elementor-column elementor-col-100 elementor-top-column elementor-element elementor-element-4b9dd6a\" data-id=\"4b9dd6a\" data-element_type=\"column\">\n\t\t\t<div class=\"elementor-column-wrap elementor-element-populated\">\n\t\t\t\t\t\t\t<div class=\"elementor-widget-wrap\">\n\t\t\t\t\t\t<section class=\"elementor-section elementor-inner-section elementor-element elementor-element-69e2880 elementor-section-boxed elementor-section-height-default elementor-section-height-default\" data-id=\"69e2880\" data-element_type=\"section\" data-settings=\"{&quot;background_background&quot;:&quot;classic&quot;}\">\n\t\t\t\t\t\t<div class=\"elementor-container elementor-column-gap-default\">\n\t\t\t\t\t\t\t<div class=\"elementor-row\">\n\t\t\t\t\t<div class=\"elementor-column elementor-col-50 elementor-inner-column elementor-element elementor-element-75307bb\" data-id=\"75307bb\" data-element_type=\"column\">\n\t\t\t<div class=\"elementor-column-wrap elementor-element-populated\">\n\t\t\t\t\t\t\t<div class=\"elementor-widget-wrap\">\n\t\t\t\t\t\t<div class=\"elementor-element elementor-element-04fc4ed elementor-widget elementor-widget-spacer\" data-id=\"04fc4ed\" data-element_type=\"widget\" data-widget_type=\"spacer.default\">\n\t\t\t\t<div class=\"elementor-widget-container\">\n\t\t\t\t\t<div class=\"elementor-spacer\">\n\t\t\t<div class=\"elementor-spacer-inner\"><\/div>\n\t\t<\/div>\n\t\t\t\t<\/div>\n\t\t\t\t<\/div>\n\t\t\t\t\t\t<\/div>\n\t\t\t\t\t<\/div>\n\t\t<\/div>\n\t\t\t\t<div class=\"elementor-column elementor-col-50 elementor-inner-column elementor-element elementor-element-9bcc050\" data-id=\"9bcc050\" data-element_type=\"column\">\n\t\t\t<div class=\"elementor-column-wrap elementor-element-populated\">\n\t\t\t\t\t\t\t<div class=\"elementor-widget-wrap\">\n\t\t\t\t\t\t<div class=\"elementor-element elementor-element-740e473 elementor-widget elementor-widget-text-editor\" data-id=\"740e473\" data-element_type=\"widget\" data-widget_type=\"text-editor.default\">\n\t\t\t\t<div class=\"elementor-widget-container\">\n\t\t\t\t\t\t\t\t<div class=\"elementor-text-editor elementor-clearfix\">\n\t\t\t\tA capacidade de experimentar, mudar r\u00e1pido e inovar \u00e9 a nossa grande vantagem competitiva.\t\t\t\t\t<\/div>\n\t\t\t\t\t\t<\/div>\n\t\t\t\t<\/div>\n\t\t\t\t\t\t<\/div>\n\t\t\t\t\t<\/div>\n\t\t<\/div>\n\t\t\t\t\t\t\t\t<\/div>\n\t\t\t\t\t<\/div>\n\t\t<\/section>\n\t\t\t\t<div class=\"elementor-element elementor-element-41fb50b elementor-widget elementor-widget-spacer\" data-id=\"41fb50b\" data-element_type=\"widget\" data-widget_type=\"spacer.default\">\n\t\t\t\t<div class=\"elementor-widget-container\">\n\t\t\t\t\t<div class=\"elementor-spacer\">\n\t\t\t<div class=\"elementor-spacer-inner\"><\/div>\n\t\t<\/div>\n\t\t\t\t<\/div>\n\t\t\t\t<\/div>\n\t\t\t\t<section class=\"elementor-section elementor-inner-section elementor-element elementor-element-b36bfe5 elementor-section-boxed elementor-section-height-default elementor-section-height-default\" data-id=\"b36bfe5\" data-element_type=\"section\">\n\t\t\t\t\t\t<div class=\"elementor-container elementor-column-gap-default\">\n\t\t\t\t\t\t\t<div class=\"elementor-row\">\n\t\t\t\t\t<div class=\"elementor-column elementor-col-50 elementor-inner-column elementor-element elementor-element-d4916af\" data-id=\"d4916af\" data-element_type=\"column\">\n\t\t\t<div class=\"elementor-column-wrap elementor-element-populated\">\n\t\t\t\t\t\t\t<div class=\"elementor-widget-wrap\">\n\t\t\t\t\t\t<div class=\"elementor-element elementor-element-6ef71e5 elementor-widget elementor-widget-image\" data-id=\"6ef71e5\" data-element_type=\"widget\" data-widget_type=\"image.default\">\n\t\t\t\t<div class=\"elementor-widget-container\">\n\t\t\t\t\t\t\t\t<div class=\"elementor-image\">\n\t\t\t\t\t\t\t\t\t<figure class=\"wp-caption\">\n\t\t\t\t\t\t\t\t\t\t<img loading=\"lazy\" decoding=\"async\" width=\"298\" height=\"297\" src=\"http:\/\/faroljornalismo.cc\/blog\/wp-content\/uploads\/2019\/06\/foto_Pmiraglia2-1-e1559660089715.jpg\" class=\"attachment-large size-large\" alt=\"\" srcset=\"http:\/\/faroljornalismo.cc\/blog\/wp-content\/uploads\/2019\/06\/foto_Pmiraglia2-1-e1559660089715.jpg 298w, http:\/\/faroljornalismo.cc\/blog\/wp-content\/uploads\/2019\/06\/foto_Pmiraglia2-1-e1559660089715-150x150.jpg 150w\" sizes=\"(max-width: 298px) 100vw, 298px\" \/>\t\t\t\t\t\t\t\t\t\t\t<figcaption class=\"widget-image-caption wp-caption-text\">Paula Miraglia. Foto: Renato Parada<\/figcaption>\n\t\t\t\t\t\t\t\t\t\t<\/figure>\n\t\t\t\t\t\t\t\t<\/div>\n\t\t\t\t\t\t<\/div>\n\t\t\t\t<\/div>\n\t\t\t\t<div class=\"elementor-element elementor-element-064a1e9 elementor-widget elementor-widget-text-editor\" data-id=\"064a1e9\" data-element_type=\"widget\" data-widget_type=\"text-editor.default\">\n\t\t\t\t<div class=\"elementor-widget-container\">\n\t\t\t\t\t\t\t\t<div class=\"elementor-text-editor elementor-clearfix\">\n\t\t\t\tAs newsletters t\u00eam sido bastante utilizadas no jornalismo como fator de impulsionamento da lealdade do p\u00fablico. Na <u><a href=\"https:\/\/mailchi.mp\/3355d7bb1087\/nfj221-o-hbito-como-mtrica-e-no-page-views-jornalismo-de-dados-e-a-falta-de-transparncia-analista-de-concorrncia-o-novo-cargo-do-wp?e=199f33b62b\" rel=\"noopener\" target=\"_blank\">NFJ #221<\/a><\/u> falamos sobre como construir h\u00e1bito &#8211; e n\u00e3o page views. \u00c9 um c\u00edrculo virtuoso: esse h\u00e1bito de leitura leva a uma maior frequ\u00eancia de consumo de not\u00edcias e mostra-se decisivo na reten\u00e7\u00e3o de assinantes &#8211; mais do que o n\u00famero de mat\u00e9rias lidas ou o tempo de perman\u00eancia.\t\t\t\t\t<\/div>\n\t\t\t\t\t\t<\/div>\n\t\t\t\t<\/div>\n\t\t\t\t\t\t<\/div>\n\t\t\t\t\t<\/div>\n\t\t<\/div>\n\t\t\t\t<div class=\"elementor-column elementor-col-50 elementor-inner-column elementor-element elementor-element-db96e02\" data-id=\"db96e02\" data-element_type=\"column\">\n\t\t\t<div class=\"elementor-column-wrap elementor-element-populated\">\n\t\t\t\t\t\t\t<div class=\"elementor-widget-wrap\">\n\t\t\t\t\t\t<div class=\"elementor-element elementor-element-fa5225e elementor-widget elementor-widget-text-editor\" data-id=\"fa5225e\" data-element_type=\"widget\" data-widget_type=\"text-editor.default\">\n\t\t\t\t<div class=\"elementor-widget-container\">\n\t\t\t\t\t\t\t\t<div class=\"elementor-text-editor elementor-clearfix\">\n\t\t\t\t<strong>Existe um editoria de inova\u00e7\u00e3o?<\/strong><br><br>\n\nUm tra\u00e7o muito importante do Nexo \u00e9 a forma colaborativa com a qual esses n\u00facleos trabalham. N\u00e3o existe um n\u00facleo respons\u00e1vel pela inova\u00e7\u00e3o, ela vai aparecendo de acordo com a demanda e est\u00e1 sempre no nosso horizonte. Em muitos momentos \u00e9 espont\u00e2neo, e acho que isso \u00e9 muito caracter\u00edstico de uma startup, de uma reda\u00e7\u00e3o que tem o tamanho da nossa e esse n\u00edvel de colabora\u00e7\u00e3o. Por exemplo, mandamos recentemente uma newsletter com todos os gr\u00e1ficos que o Nexo j\u00e1 fez at\u00e9 hoje usando dados do Censo. Era um modelo de newsletter que a gente n\u00e3o tinha, para tratar de um assunto que estava sendo debatido, usando um material nosso. Essa conversa come\u00e7ou numa reuni\u00e3o de Gr\u00e1ficos e passou para uma reuni\u00e3o do pessoal que trabalha com BI <em>[Business Intelligence, \u00e1rea que faz an\u00e1lise de dados]<\/em>. Tem espa\u00e7o para inova\u00e7\u00e3o em todos esses n\u00facleos, mas sobretudo no trabalho em conjunto. Al\u00e9m disso, no nosso semin\u00e1rio interno feito no come\u00e7o do ano, uma das coisas que eu coloquei, e que \u00e9 um desafio para qualquer reda\u00e7\u00e3o, \u00e9 voc\u00ea cultivar uma cultura de experimenta\u00e7\u00e3o permanente.\t\t\t\t\t<\/div>\n\t\t\t\t\t\t<\/div>\n\t\t\t\t<\/div>\n\t\t\t\t\t\t<\/div>\n\t\t\t\t\t<\/div>\n\t\t<\/div>\n\t\t\t\t\t\t\t\t<\/div>\n\t\t\t\t\t<\/div>\n\t\t<\/section>\n\t\t\t\t\t\t<\/div>\n\t\t\t\t\t<\/div>\n\t\t<\/div>\n\t\t\t\t\t\t\t\t<\/div>\n\t\t\t\t\t<\/div>\n\t\t<\/section>\n\t\t\t\t<section class=\"elementor-section elementor-top-section elementor-element elementor-element-8488018 elementor-section-boxed elementor-section-height-default elementor-section-height-default\" data-id=\"8488018\" data-element_type=\"section\">\n\t\t\t\t\t\t<div class=\"elementor-container elementor-column-gap-default\">\n\t\t\t\t\t\t\t<div class=\"elementor-row\">\n\t\t\t\t\t<div class=\"elementor-column elementor-col-50 elementor-top-column elementor-element elementor-element-9c6e854\" data-id=\"9c6e854\" data-element_type=\"column\">\n\t\t\t<div class=\"elementor-column-wrap elementor-element-populated\">\n\t\t\t\t\t\t\t<div class=\"elementor-widget-wrap\">\n\t\t\t\t\t\t<div class=\"elementor-element elementor-element-bbc67bc elementor-widget elementor-widget-text-editor\" data-id=\"bbc67bc\" data-element_type=\"widget\" data-widget_type=\"text-editor.default\">\n\t\t\t\t<div class=\"elementor-widget-container\">\n\t\t\t\t\t\t\t\t<div class=\"elementor-text-editor elementor-clearfix\">\n\t\t\t\t<strong>Qual \u00e9 o grande passo do Nexo em 2019?<\/strong><br><br>\n\nEstamos olhando para duas coisas neste ano: por mais que sejamos nativos digitais,precisamos estimular essa cultura do digital dentro da reda\u00e7\u00e3o todo o tempo. A outra coisa \u00e9 a cultura de inova\u00e7\u00e3o.<br><br>\n\n<a id=\"aspa1\" name=\"aspa1\"><\/a>O Nexo j\u00e1 foi lan\u00e7ado com muita inova\u00e7\u00e3o, a gente tem formatos com o qual o jornalismo tradicional n\u00e3o trabalhava, mas isso n\u00e3o significa que chegamos l\u00e1 e acabou. A capacidade de experimentar, mudar r\u00e1pido e inovar \u00e9 a nossa grande vantagem competitiva. E para funcionar, isso n\u00e3o pode estar concentrado em nenhum lugar, tem que ser uma cultura da organiza\u00e7\u00e3o.<br><br>\n\n<a id=\"aspa2\" name=\"aspa2\"><\/a>Do mesmo jeito que somos um jornal 100% digital, que investe em rigor e equil\u00edbrio, investimos muito em inova\u00e7\u00e3o. Desde o conte\u00fado editorial, dos formatos, at\u00e9 do ponto de vista da experi\u00eancia do usu\u00e1rio. Al\u00e9m disso, queremos crescer, tem muita gente que ainda n\u00e3o conhece o Nexo. Apostamos muito na qualidade do nosso produto e vemos isso pela nossa taxa de convers\u00e3o de audi\u00eancia e assinantes. Ent\u00e3o a gente quer chegar nessas pessoas, isso \u00e9 uma coisa importante para este ano.\t\t\t\t\t<\/div>\n\t\t\t\t\t\t<\/div>\n\t\t\t\t<\/div>\n\t\t\t\t\t\t<\/div>\n\t\t\t\t\t<\/div>\n\t\t<\/div>\n\t\t\t\t<div class=\"elementor-column elementor-col-50 elementor-top-column elementor-element elementor-element-da8a33f\" data-id=\"da8a33f\" data-element_type=\"column\">\n\t\t\t<div class=\"elementor-column-wrap elementor-element-populated\">\n\t\t\t\t\t\t\t<div class=\"elementor-widget-wrap\">\n\t\t\t\t\t\t<section class=\"elementor-section elementor-inner-section elementor-element elementor-element-aaf2bab elementor-section-boxed elementor-section-height-default elementor-section-height-default\" data-id=\"aaf2bab\" data-element_type=\"section\">\n\t\t\t\t\t\t<div class=\"elementor-container elementor-column-gap-default\">\n\t\t\t\t\t\t\t<div class=\"elementor-row\">\n\t\t\t\t\t<div class=\"elementor-column elementor-col-50 elementor-inner-column elementor-element elementor-element-e5e708a\" data-id=\"e5e708a\" data-element_type=\"column\">\n\t\t\t<div class=\"elementor-column-wrap\">\n\t\t\t\t\t\t\t<div class=\"elementor-widget-wrap\">\n\t\t\t\t\t\t\t\t<\/div>\n\t\t\t\t\t<\/div>\n\t\t<\/div>\n\t\t\t\t<div class=\"elementor-column elementor-col-50 elementor-inner-column elementor-element elementor-element-81165d9\" data-id=\"81165d9\" data-element_type=\"column\">\n\t\t\t<div class=\"elementor-column-wrap elementor-element-populated\">\n\t\t\t\t\t\t\t<div class=\"elementor-widget-wrap\">\n\t\t\t\t\t\t<div class=\"elementor-element elementor-element-6138054 elementor-widget elementor-widget-text-editor\" data-id=\"6138054\" data-element_type=\"widget\" data-widget_type=\"text-editor.default\">\n\t\t\t\t<div class=\"elementor-widget-container\">\n\t\t\t\t\t\t\t\t<div class=\"elementor-text-editor elementor-clearfix\">\n\t\t\t\tA cultura de inova\u00e7\u00e3o que Paula Miraglia menciona se contrap\u00f5e a uma quase obsess\u00e3o pela tecnologia. Julie Posetti fez um <u><a href=\"https:\/\/reutersinstitute.politics.ox.ac.uk\/our-research\/time-step-away-bright-shiny-things-towards-sustainable-model-journalism-innovation-era\" rel=\"noopener\" target=\"_blank\">estudo para o Reuters Institute<\/a><\/u> que pergunta: como o jornalismo pode deixar de ser guiado pela tecnologia para ser empoderado por ela, mantendo o foco na audi\u00eancia? Segundo ela, o jornalismo deve parar implacavelmente de buscar \u201ccoisas brilhantes e reluzentes\u201d (\u201cbright, shiny things\u201d) \u00e0s custas de conceitos centrais como conte\u00fado, desenvolvimento de neg\u00f3cios e audi\u00eancias. Leia na <u><a href=\"https:\/\/mailchi.mp\/80ef28d94826\/nfj212jornalismo-e-a-sndrome-das-coisas-brilhantes-escape-da-bolha-informativa-ningum-inova-cansado-notcias-em-lngua-ashninka?e=199f33b62b\">NFJ #212<\/a><\/u>.\t\t\t\t\t<\/div>\n\t\t\t\t\t\t<\/div>\n\t\t\t\t<\/div>\n\t\t\t\t<div class=\"elementor-element elementor-element-29b3199 elementor-widget elementor-widget-image\" data-id=\"29b3199\" data-element_type=\"widget\" data-widget_type=\"image.default\">\n\t\t\t\t<div class=\"elementor-widget-container\">\n\t\t\t\t\t\t\t\t<div class=\"elementor-image\">\n\t\t\t\t\t\t\t\t\t<figure class=\"wp-caption\">\n\t\t\t\t\t\t\t\t\t\t\t<a href=\"https:\/\/reutersinstitute.politics.ox.ac.uk\/sites\/default\/files\/2018-11\/Posetti_Towards_a_Sustainable_model_of_Journalism_FINAL.pdf\">\n\t\t\t\t\t\t\t<img decoding=\"async\" src=\"http:\/\/faroljornalismo.cc\/blog\/wp-content\/uploads\/elementor\/thumbs\/Captura-de-Tela-2019-06-02-a\u0300s-21.38.52-o8r4hf5j4gzcrfw9e6tax5scmgknus3mj2e187n1yg.png\" title=\"Captura de Tela 2019-06-02 a\u0300s 21.38.52\" alt=\"Captura de Tela 2019-06-02 a\u0300s 21.38.52\" \/>\t\t\t\t\t\t\t\t<\/a>\n\t\t\t\t\t\t\t\t\t\t\t<figcaption class=\"widget-image-caption wp-caption-text\">Capa do relat\u00f3rio produzido por Julie Posetti<\/figcaption>\n\t\t\t\t\t\t\t\t\t\t<\/figure>\n\t\t\t\t\t\t\t\t<\/div>\n\t\t\t\t\t\t<\/div>\n\t\t\t\t<\/div>\n\t\t\t\t\t\t<\/div>\n\t\t\t\t\t<\/div>\n\t\t<\/div>\n\t\t\t\t\t\t\t\t<\/div>\n\t\t\t\t\t<\/div>\n\t\t<\/section>\n\t\t\t\t\t\t<\/div>\n\t\t\t\t\t<\/div>\n\t\t<\/div>\n\t\t\t\t\t\t\t\t<\/div>\n\t\t\t\t\t<\/div>\n\t\t<\/section>\n\t\t\t\t<section class=\"elementor-section elementor-top-section elementor-element elementor-element-8051bb8 elementor-section-boxed elementor-section-height-default elementor-section-height-default\" data-id=\"8051bb8\" data-element_type=\"section\">\n\t\t\t\t\t\t<div class=\"elementor-container elementor-column-gap-default\">\n\t\t\t\t\t\t\t<div class=\"elementor-row\">\n\t\t\t\t\t<div class=\"elementor-column elementor-col-100 elementor-top-column elementor-element elementor-element-13440cc\" data-id=\"13440cc\" data-element_type=\"column\">\n\t\t\t<div class=\"elementor-column-wrap elementor-element-populated\">\n\t\t\t\t\t\t\t<div class=\"elementor-widget-wrap\">\n\t\t\t\t\t\t<div class=\"elementor-element elementor-element-5959259 elementor-widget elementor-widget-text-editor\" data-id=\"5959259\" data-element_type=\"widget\" data-widget_type=\"text-editor.default\">\n\t\t\t\t<div class=\"elementor-widget-container\">\n\t\t\t\t\t\t\t\t<div class=\"elementor-text-editor elementor-clearfix\">\n\t\t\t\t<strong>E com rela\u00e7\u00e3o a novos formatos, produtos e projetos?<\/strong><br><br>\n\nVamos lan\u00e7ar um formato novo em breve, n\u00e3o posso adiantar muita coisa, mas estamos perto de lan\u00e7ar. \u00c9 uma se\u00e7\u00e3o nova dentro do site, um formato que a gente vai experimentar. E quando formos lan\u00e7ar a estrat\u00e9gia \u00e9 contar para as pessoas por que a gente desenhou esse formato. N\u00f3s contamos, explicamos as coisas, compartilhamos com eles e temos tentado adotar uma perspectiva de transpar\u00eancia radical com nossos leitores. Vamos lan\u00e7ar tamb\u00e9m dois programas importantes em 2019: um sobre diversidade na comunica\u00e7\u00e3o, em aproximadamente um m\u00eas, que vai fazer uma chamada para estudantes de jornalismo negros para um projeto de forma\u00e7\u00e3o de 10 meses. Estamos super animados com isso. E ainda um programa espec\u00edfico do Nexo Edu para cursinhos populares. Al\u00e9m disso, a partir do projeto especial das elei\u00e7\u00f5es, muito bem-sucedido no ano passado, que nos mostrou o poder de uma cobertura planejada, teremos, em 2019, outro projeto dessa natureza. O Nexo, desde o seu lan\u00e7amento, investiu nos podcasts e isso tem crescido muito. O nosso podcast di\u00e1rio <a href=\"https:\/\/www.nexojornal.com.br\/podcast\/durma-com-essa\/\" target=\"_blank\" rel=\"noopener\">Durma com Essa<\/a> \u00e9 um hit, est\u00e1 constantemente entre os tr\u00eas podcasts de not\u00edcias mais escutados em todas as plataformas.\t\t\t\t\t<\/div>\n\t\t\t\t\t\t<\/div>\n\t\t\t\t<\/div>\n\t\t\t\t\t\t<\/div>\n\t\t\t\t\t<\/div>\n\t\t<\/div>\n\t\t\t\t\t\t\t\t<\/div>\n\t\t\t\t\t<\/div>\n\t\t<\/section>\n\t\t\t\t<section class=\"elementor-section elementor-top-section elementor-element elementor-element-329f3c2 elementor-section-boxed elementor-section-height-default elementor-section-height-default\" data-id=\"329f3c2\" data-element_type=\"section\">\n\t\t\t\t\t\t<div class=\"elementor-container elementor-column-gap-default\">\n\t\t\t\t\t\t\t<div class=\"elementor-row\">\n\t\t\t\t\t<div class=\"elementor-column elementor-col-100 elementor-top-column elementor-element elementor-element-2dc583f\" data-id=\"2dc583f\" data-element_type=\"column\">\n\t\t\t<div class=\"elementor-column-wrap elementor-element-populated\">\n\t\t\t\t\t\t\t<div class=\"elementor-widget-wrap\">\n\t\t\t\t\t\t<section class=\"elementor-section elementor-inner-section elementor-element elementor-element-6fab6ce elementor-section-boxed elementor-section-height-default elementor-section-height-default\" data-id=\"6fab6ce\" data-element_type=\"section\">\n\t\t\t\t\t\t<div class=\"elementor-container elementor-column-gap-default\">\n\t\t\t\t\t\t\t<div class=\"elementor-row\">\n\t\t\t\t\t<div class=\"elementor-column elementor-col-50 elementor-inner-column elementor-element elementor-element-d8f0192\" data-id=\"d8f0192\" data-element_type=\"column\">\n\t\t\t<div class=\"elementor-column-wrap elementor-element-populated\">\n\t\t\t\t\t\t\t<div class=\"elementor-widget-wrap\">\n\t\t\t\t\t\t<div class=\"elementor-element elementor-element-a725cfa elementor-view-default elementor-widget elementor-widget-icon\" data-id=\"a725cfa\" data-element_type=\"widget\" data-widget_type=\"icon.default\">\n\t\t\t\t<div class=\"elementor-widget-container\">\n\t\t\t\t\t<div class=\"elementor-icon-wrapper\">\n\t\t\t<div class=\"elementor-icon\">\n\t\t\t\t\t\t\t<i class=\"fa fa-pause\" aria-hidden=\"true\"><\/i>\n\t\t\t\t\t\t<\/div>\n\t\t<\/div>\n\t\t\t\t<\/div>\n\t\t\t\t<\/div>\n\t\t\t\t\t\t<\/div>\n\t\t\t\t\t<\/div>\n\t\t<\/div>\n\t\t\t\t<div class=\"elementor-column elementor-col-50 elementor-inner-column elementor-element elementor-element-939ecad\" data-id=\"939ecad\" data-element_type=\"column\">\n\t\t\t<div class=\"elementor-column-wrap elementor-element-populated\">\n\t\t\t\t\t\t\t<div class=\"elementor-widget-wrap\">\n\t\t\t\t\t\t<div class=\"elementor-element elementor-element-4dafb0e elementor-widget elementor-widget-text-editor\" data-id=\"4dafb0e\" data-element_type=\"widget\" data-widget_type=\"text-editor.default\">\n\t\t\t\t<div class=\"elementor-widget-container\">\n\t\t\t\t\t\t\t\t<div class=\"elementor-text-editor elementor-clearfix\">\n\t\t\t\tA diversidade nas reda\u00e7\u00f5es \u00e9 um hot topic muito bem-vindo. <u><a href=\"https:\/\/objethos.wordpress.com\/2018\/06\/25\/diversificar-redacoes-e-apostar-no-jornalismo-de-qualidade\/\" target=\"_blank\" rel=\"noopener\">Neste texto<\/a><\/u> que repercutimos na <u><a href=\"https:\/\/mailchi.mp\/205322ed7b78\/nfj189?e=[UNIQID]\" target=\"_blank\" rel=\"noopener\">NFJ #190<\/a><\/u>, Dairan Paul afirma que diversificar reda\u00e7\u00f5es \u00e9 apostar no jornalismo de qualidade. Vejam o tamanho do problema: pesquisa do <u><a href=\"https:\/\/en.ejo.ch\/research\/where-are-all-the-women-journalists-in-europes-media\" target=\"_blank\" rel=\"noopener\">Observat\u00f3rio Europeu de Jornalismo<\/a><\/u> mostrou que as not\u00edcias na Europa s\u00e3o predominantemente feitas por e sobre homens. At\u00e9 os tamanhos das fotos s\u00e3o desiguais (<u><a href=\"https:\/\/mailchi.mp\/de66f3b46f8a\/nfj184-quem-tem-medo-de-fact-checkers-google-e-facebook-os-maiores-financiadores-do-jornalismo-e-o-problema-da-representatividade-na-imprensa?e=[UNIQID]\" target=\"_blank\" rel=\"noopener\">NFJ #184<\/a><\/u>). Nos EUA n\u00e3o \u00e9 muito diferente: homens continuam a produzir a maioria das not\u00edcias e a lacuna \u00e9 particularmente chocante nas ag\u00eancias de not\u00edcia &#8211; 69% das assinaturas da AP e da Reuters v\u00e3o para os homens, segundo o estudo \u201c<u><a href=\"https:\/\/tools.womensmediacenter.com\/page\/-\/WMCStatusofWomeninUSMedia2019.pdf\" target=\"_blank\" rel=\"noopener\">The status of women in the U.S. Media 2019<\/a><\/u>\u201d (<u><a href=\"https:\/\/mailchi.mp\/721efb83208c\/nfj220-o-paywall-s-dar-certo-para-alguns-faltam-mulheres-e-negros-nas-redaes-os-monoplios-digitais-da-internet-brasileira?e=[UNIQID]\" target=\"_blank\" rel=\"noopener\">NFJ #220<\/a><\/u>).<br><br>\n\nNo Brasil, <u><a href=\"http:\/\/mulheresnojornalismo.org.br\/\" target=\"_blank\" rel=\"noopener\">pesquisa<\/a><\/u> realizada em 2017 pela Abraji, G\u00eanero e N\u00famero, com apoio do Google News Lab, mostrou que 65,7% das jornalistas afirmaram ter tido sua compet\u00eancia questionada por colegas ou superiores e 83,6% j\u00e1 sofreram algum tipo de viol\u00eancia psicol\u00f3gica nas reda\u00e7\u00f5es (<u><a href=\"https:\/\/mailchi.mp\/de66f3b46f8a\/nfj184-quem-tem-medo-de-fact-checkers-google-e-facebook-os-maiores-financiadores-do-jornalismo-e-o-problema-da-representatividade-na-imprensa?e=[UNIQID]\" target=\"_blank\" rel=\"noopener\">NFJ #184<\/a><\/u>). <u><a href=\"https:\/\/www.nexojornal.com.br\/colunistas\/2018\/Abril-e-o-Brasil\" target=\"_blank\" rel=\"noopener\">Neste texto, o colunista do Nexo Denis Burgieman<\/a><\/u> fala sobre a import\u00e2ncia da diversidade na reda\u00e7\u00e3o a partir de sua experi\u00eancia como editor da Super.\t\t\t\t\t<\/div>\n\t\t\t\t\t\t<\/div>\n\t\t\t\t<\/div>\n\t\t\t\t\t\t<\/div>\n\t\t\t\t\t<\/div>\n\t\t<\/div>\n\t\t\t\t\t\t\t\t<\/div>\n\t\t\t\t\t<\/div>\n\t\t<\/section>\n\t\t\t\t\t\t<\/div>\n\t\t\t\t\t<\/div>\n\t\t<\/div>\n\t\t\t\t\t\t\t\t<\/div>\n\t\t\t\t\t<\/div>\n\t\t<\/section>\n\t\t\t\t<section class=\"elementor-section elementor-top-section elementor-element elementor-element-ce5b30e elementor-section-boxed elementor-section-height-default elementor-section-height-default\" data-id=\"ce5b30e\" data-element_type=\"section\">\n\t\t\t\t\t\t<div class=\"elementor-container elementor-column-gap-default\">\n\t\t\t\t\t\t\t<div class=\"elementor-row\">\n\t\t\t\t\t<div class=\"elementor-column elementor-col-100 elementor-top-column elementor-element elementor-element-c2c04ed\" data-id=\"c2c04ed\" data-element_type=\"column\">\n\t\t\t<div class=\"elementor-column-wrap elementor-element-populated\">\n\t\t\t\t\t\t\t<div class=\"elementor-widget-wrap\">\n\t\t\t\t\t\t<div class=\"elementor-element elementor-element-d3adb84 elementor-widget elementor-widget-text-editor\" data-id=\"d3adb84\" data-element_type=\"widget\" data-widget_type=\"text-editor.default\">\n\t\t\t\t<div class=\"elementor-widget-container\">\n\t\t\t\t\t\t\t\t<div class=\"elementor-text-editor elementor-clearfix\">\n\t\t\t\t<strong>Ent\u00e3o a ideia \u00e9 continuar investindo nos podcasts?<\/strong><br><br>\n\nIsso, vamos lan\u00e7ar a segunda temporada do <a href=\"https:\/\/www.nexojornal.com.br\/podcast\/politiques\/\" target=\"_blank\" rel=\"noopener\">Politiqu\u00eas<\/a> com um novo formato e teremos programas novos, essa \u00e9 uma frente que est\u00e1 crescendo bastante. Com rela\u00e7\u00e3o ao Durma com Essa, acho que a gente acertou muito no formato, \u00e9 \u00e1gil, curto e \u00e9 consumido tanto no final do dia quanto nas manh\u00e3s porque ele \u00e9 mandado tamb\u00e9m na <a href=\"https:\/\/www.nexojornal.com.br\/a_nexo\/\" target=\"_blank\" rel=\"noopener\">a-nexo<\/a> do dia seguinte. E ele cria uma conex\u00e3o maior das pessoas da reda\u00e7\u00e3o do Nexo com os leitores. Outro dia o Durma foi gravado por tr\u00eas mulheres e os leitores elogiaram muito. Temos tamb\u00e9m uma s\u00e9rie com \u00f3timo retorno que chama \u201c<a href=\"https:\/\/www.nexojornal.com.br\/podcast\/como-comecar\/\" target=\"_blank\" rel=\"noopener\">Como come\u00e7ar<\/a>\u201d a ler, a escutar, a assistir&#8230;\t\t\t\t\t<\/div>\n\t\t\t\t\t\t<\/div>\n\t\t\t\t<\/div>\n\t\t\t\t\t\t<\/div>\n\t\t\t\t\t<\/div>\n\t\t<\/div>\n\t\t\t\t\t\t\t\t<\/div>\n\t\t\t\t\t<\/div>\n\t\t<\/section>\n\t\t\t\t<section class=\"elementor-section elementor-top-section elementor-element elementor-element-c35b1b6 elementor-section-boxed elementor-section-height-default elementor-section-height-default\" data-id=\"c35b1b6\" data-element_type=\"section\">\n\t\t\t\t\t\t<div class=\"elementor-container elementor-column-gap-default\">\n\t\t\t\t\t\t\t<div class=\"elementor-row\">\n\t\t\t\t\t<div class=\"elementor-column elementor-col-100 elementor-top-column elementor-element elementor-element-fb1f2e6\" data-id=\"fb1f2e6\" data-element_type=\"column\">\n\t\t\t<div class=\"elementor-column-wrap elementor-element-populated\">\n\t\t\t\t\t\t\t<div class=\"elementor-widget-wrap\">\n\t\t\t\t\t\t<section class=\"elementor-section elementor-inner-section elementor-element elementor-element-59d0c4c elementor-section-boxed elementor-section-height-default elementor-section-height-default\" data-id=\"59d0c4c\" data-element_type=\"section\">\n\t\t\t\t\t\t<div class=\"elementor-container elementor-column-gap-default\">\n\t\t\t\t\t\t\t<div class=\"elementor-row\">\n\t\t\t\t\t<div class=\"elementor-column elementor-col-50 elementor-inner-column elementor-element elementor-element-e4b6d89\" data-id=\"e4b6d89\" data-element_type=\"column\">\n\t\t\t<div class=\"elementor-column-wrap elementor-element-populated\">\n\t\t\t\t\t\t\t<div class=\"elementor-widget-wrap\">\n\t\t\t\t\t\t<div class=\"elementor-element elementor-element-83ee5f1 elementor-view-default elementor-widget elementor-widget-icon\" data-id=\"83ee5f1\" data-element_type=\"widget\" data-widget_type=\"icon.default\">\n\t\t\t\t<div class=\"elementor-widget-container\">\n\t\t\t\t\t<div class=\"elementor-icon-wrapper\">\n\t\t\t<div class=\"elementor-icon\">\n\t\t\t\t\t\t\t<i class=\"fa fa-pause\" aria-hidden=\"true\"><\/i>\n\t\t\t\t\t\t<\/div>\n\t\t<\/div>\n\t\t\t\t<\/div>\n\t\t\t\t<\/div>\n\t\t\t\t\t\t<\/div>\n\t\t\t\t\t<\/div>\n\t\t<\/div>\n\t\t\t\t<div class=\"elementor-column elementor-col-50 elementor-inner-column elementor-element elementor-element-3108f84\" data-id=\"3108f84\" data-element_type=\"column\">\n\t\t\t<div class=\"elementor-column-wrap\">\n\t\t\t\t\t\t\t<div class=\"elementor-widget-wrap\">\n\t\t\t\t\t\t\t\t<\/div>\n\t\t\t\t\t<\/div>\n\t\t<\/div>\n\t\t\t\t\t\t\t\t<\/div>\n\t\t\t\t\t<\/div>\n\t\t<\/section>\n\t\t\t\t\t\t<\/div>\n\t\t\t\t\t<\/div>\n\t\t<\/div>\n\t\t\t\t\t\t\t\t<\/div>\n\t\t\t\t\t<\/div>\n\t\t<\/section>\n\t\t\t\t<section class=\"elementor-section elementor-top-section elementor-element elementor-element-c32cd01 elementor-section-boxed elementor-section-height-default elementor-section-height-default\" data-id=\"c32cd01\" data-element_type=\"section\">\n\t\t\t\t\t\t<div class=\"elementor-container elementor-column-gap-default\">\n\t\t\t\t\t\t\t<div class=\"elementor-row\">\n\t\t\t\t\t<div class=\"elementor-column elementor-col-100 elementor-top-column elementor-element elementor-element-9606606\" data-id=\"9606606\" data-element_type=\"column\">\n\t\t\t<div class=\"elementor-column-wrap elementor-element-populated\">\n\t\t\t\t\t\t\t<div class=\"elementor-widget-wrap\">\n\t\t\t\t\t\t<section class=\"elementor-section elementor-inner-section elementor-element elementor-element-a868bbd elementor-section-boxed elementor-section-height-default elementor-section-height-default\" data-id=\"a868bbd\" data-element_type=\"section\">\n\t\t\t\t\t\t<div class=\"elementor-container elementor-column-gap-default\">\n\t\t\t\t\t\t\t<div class=\"elementor-row\">\n\t\t\t\t\t<div class=\"elementor-column elementor-col-50 elementor-inner-column elementor-element elementor-element-4cb7370\" data-id=\"4cb7370\" data-element_type=\"column\">\n\t\t\t<div class=\"elementor-column-wrap elementor-element-populated\">\n\t\t\t\t\t\t\t<div class=\"elementor-widget-wrap\">\n\t\t\t\t\t\t<div class=\"elementor-element elementor-element-083f522 elementor-widget elementor-widget-text-editor\" data-id=\"083f522\" data-element_type=\"widget\" data-widget_type=\"text-editor.default\">\n\t\t\t\t<div class=\"elementor-widget-container\">\n\t\t\t\t\t\t\t\t<div class=\"elementor-text-editor elementor-clearfix\">\n\t\t\t\tPodcasts est\u00e3o se popularizando em todo o mundo devido \u00e0 qualidade do conte\u00fado e \u00e0 distribui\u00e7\u00e3o mais f\u00e1cil. Foi o que indicou o <u><a href=\"http:\/\/www.digitalnewsreport.org\/\" target=\"_blank\" rel=\"noopener\">Digital News Report 2018<\/a><\/u>. O relat\u00f3rio ainda apontou que os jovens s\u00e3o muito mais propensos a ouvir podcasts do que r\u00e1dio convencional. Assistentes digitais ativados por voz, como o Amazon Echo e o Google Home, tamb\u00e9m continuam a crescer. Vejam na <u><a href=\"https:\/\/www.google.com\/url?q=https:\/\/mailchi.mp\/7ab4d1fa331a\/nfj188-especial-digital-news-report-mais-dados-do-state-of-the-news-media-links-sobre-a-copa-do-mundo-o-tero-e-o-fact-checking&#038;sa=D&#038;ust=1559695380193000&#038;usg=AFQjCNHDl63xa-7iHBx-eGuC41XqU9cUWg\" target=\"_blank\" rel=\"noopener\">NFJ #188<\/a><\/u>.\t\t\t\t\t<\/div>\n\t\t\t\t\t\t<\/div>\n\t\t\t\t<\/div>\n\t\t\t\t\t\t<\/div>\n\t\t\t\t\t<\/div>\n\t\t<\/div>\n\t\t\t\t<div class=\"elementor-column elementor-col-50 elementor-inner-column elementor-element elementor-element-ce80e85\" data-id=\"ce80e85\" data-element_type=\"column\">\n\t\t\t<div class=\"elementor-column-wrap elementor-element-populated\">\n\t\t\t\t\t\t\t<div class=\"elementor-widget-wrap\">\n\t\t\t\t\t\t<div class=\"elementor-element elementor-element-e94a16d elementor-widget elementor-widget-image\" data-id=\"e94a16d\" data-element_type=\"widget\" data-widget_type=\"image.default\">\n\t\t\t\t<div class=\"elementor-widget-container\">\n\t\t\t\t\t\t\t\t<div class=\"elementor-image\">\n\t\t\t\t\t\t\t\t\t<figure class=\"wp-caption\">\n\t\t\t\t\t\t\t\t\t\t\t<a href=\"http:\/\/www.digitalnewsreport.org\/\">\n\t\t\t\t\t\t\t<img decoding=\"async\" src=\"http:\/\/faroljornalismo.cc\/blog\/wp-content\/uploads\/elementor\/thumbs\/Captura-de-Tela-2019-06-03-a\u0300s-15.46.10-o8sg17ybq5zgu6ygg3wxirycak1klf47orkd4roi6m.png\" title=\"Captura de Tela 2019-06-03 a\u0300s 15.46.10\" alt=\"Captura de Tela 2019-06-03 a\u0300s 15.46.10\" \/>\t\t\t\t\t\t\t\t<\/a>\n\t\t\t\t\t\t\t\t\t\t\t<figcaption class=\"widget-image-caption wp-caption-text\">Capa do Digital News Report<\/figcaption>\n\t\t\t\t\t\t\t\t\t\t<\/figure>\n\t\t\t\t\t\t\t\t<\/div>\n\t\t\t\t\t\t<\/div>\n\t\t\t\t<\/div>\n\t\t\t\t\t\t<\/div>\n\t\t\t\t\t<\/div>\n\t\t<\/div>\n\t\t\t\t\t\t\t\t<\/div>\n\t\t\t\t\t<\/div>\n\t\t<\/section>\n\t\t\t\t\t\t<\/div>\n\t\t\t\t\t<\/div>\n\t\t<\/div>\n\t\t\t\t\t\t\t\t<\/div>\n\t\t\t\t\t<\/div>\n\t\t<\/section>\n\t\t\t\t<section class=\"elementor-section elementor-top-section elementor-element elementor-element-820c4d8 elementor-section-boxed elementor-section-height-default elementor-section-height-default\" data-id=\"820c4d8\" data-element_type=\"section\">\n\t\t\t\t\t\t<div class=\"elementor-container elementor-column-gap-default\">\n\t\t\t\t\t\t\t<div class=\"elementor-row\">\n\t\t\t\t\t<div class=\"elementor-column elementor-col-100 elementor-top-column elementor-element elementor-element-dc8e147\" data-id=\"dc8e147\" data-element_type=\"column\">\n\t\t\t<div class=\"elementor-column-wrap elementor-element-populated\">\n\t\t\t\t\t\t\t<div class=\"elementor-widget-wrap\">\n\t\t\t\t\t\t<div class=\"elementor-element elementor-element-e7e78b7 elementor-widget elementor-widget-text-editor\" data-id=\"e7e78b7\" data-element_type=\"widget\" data-widget_type=\"text-editor.default\">\n\t\t\t\t<div class=\"elementor-widget-container\">\n\t\t\t\t\t\t\t\t<div class=\"elementor-text-editor elementor-clearfix\">\n\t\t\t\t<strong>Normalmente a gente associa inova\u00e7\u00e3o a produtos ou a formatos cheios de pirotecnia mas nem sempre isso est\u00e1 aderente ao comportamento do p\u00fablico. Voc\u00eas pensam nisso, em fazer coisas inovadoras, mas que possam ser consumidas pelo p\u00fablico de voc\u00eas?<\/strong><br><br>\n\nDepois de um ano e meio do Nexo no ar, a gente entendeu que n\u00e3o era porque pod\u00edamos fazer determinadas coisas que dever\u00edamos fazer. Hoje a gente tem mais tranquilidade para conseguir avaliar: quando \u00e9 que faz sentido voc\u00ea usar uma interatividade? Por que tal assunto vai ser tratado num v\u00eddeo? Esse v\u00eddeo vai ter anima\u00e7\u00e3o ou um apresentador? Vai ser um v\u00eddeo curto ou longo? Merece estar num <a href=\"https:\/\/www.nexojornal.com.br\/expresso\/\" target=\"_blank\" rel=\"noopener\">Expresso<\/a> ou num <a href=\"https:\/\/www.nexojornal.com.br\/explicado\/\" target=\"_blank\" rel=\"noopener\">Explicado<\/a>? Vamos trazer uma grande base de dados para ajudar no contexto de alguma coisa? Ent\u00e3o o crit\u00e9rio \u00e9 fundamental. Colocar a experi\u00eancia do usu\u00e1rio no centro da nossa produ\u00e7\u00e3o passa por a\u00ed tamb\u00e9m: a pessoa quer ler uma coisa longu\u00edssima ou ela quer consumir algo que d\u00ea contexto, que ajude a entender o que est\u00e1 em jogo nesse momento e pronto? \u00c9 um pouco entender qual \u00e9 o interesse e a necessidade do p\u00fablico. Entender o comportamento e o interesse \u00e9 se pensar tamb\u00e9m como algu\u00e9m que est\u00e1 entregando not\u00edcias para pessoas que n\u00e3o se informam exclusivamente pelo seu canal, n\u00e3o t\u00eam todo tempo do mundo e se informam muito pelo telefone &#8211; a ideia do mobile first \u00e9 fundamental. Hoje em dia n\u00e3o d\u00e1 para pensar o conte\u00fado sem uma intera\u00e7\u00e3o direta com o seu leitor. E a\u00ed tem uma outra frente para a qual estamos muito atentos: a gente se comunica muito com nossos leitores.\t\t\t\t\t<\/div>\n\t\t\t\t\t\t<\/div>\n\t\t\t\t<\/div>\n\t\t\t\t\t\t<\/div>\n\t\t\t\t\t<\/div>\n\t\t<\/div>\n\t\t\t\t\t\t\t\t<\/div>\n\t\t\t\t\t<\/div>\n\t\t<\/section>\n\t\t\t\t<section class=\"elementor-section elementor-top-section elementor-element elementor-element-5a23e4d elementor-section-boxed elementor-section-height-default elementor-section-height-default\" data-id=\"5a23e4d\" data-element_type=\"section\">\n\t\t\t\t\t\t<div class=\"elementor-container elementor-column-gap-default\">\n\t\t\t\t\t\t\t<div class=\"elementor-row\">\n\t\t\t\t\t<div class=\"elementor-column elementor-col-33 elementor-top-column elementor-element elementor-element-eb4c5d0\" data-id=\"eb4c5d0\" data-element_type=\"column\">\n\t\t\t<div class=\"elementor-column-wrap elementor-element-populated\">\n\t\t\t\t\t\t\t<div class=\"elementor-widget-wrap\">\n\t\t\t\t\t\t<div class=\"elementor-element elementor-element-9fac0fb elementor-view-default elementor-widget elementor-widget-icon\" data-id=\"9fac0fb\" data-element_type=\"widget\" data-widget_type=\"icon.default\">\n\t\t\t\t<div class=\"elementor-widget-container\">\n\t\t\t\t\t<div class=\"elementor-icon-wrapper\">\n\t\t\t<div class=\"elementor-icon\">\n\t\t\t\t\t\t\t<i class=\"fa fa-pause\" aria-hidden=\"true\"><\/i>\n\t\t\t\t\t\t<\/div>\n\t\t<\/div>\n\t\t\t\t<\/div>\n\t\t\t\t<\/div>\n\t\t\t\t\t\t<\/div>\n\t\t\t\t\t<\/div>\n\t\t<\/div>\n\t\t\t\t<div class=\"elementor-column elementor-col-33 elementor-top-column elementor-element elementor-element-9a210a2\" data-id=\"9a210a2\" data-element_type=\"column\">\n\t\t\t<div class=\"elementor-column-wrap elementor-element-populated\">\n\t\t\t\t\t\t\t<div class=\"elementor-widget-wrap\">\n\t\t\t\t\t\t<div class=\"elementor-element elementor-element-3eb80d4 elementor-widget elementor-widget-text-editor\" data-id=\"3eb80d4\" data-element_type=\"widget\" data-widget_type=\"text-editor.default\">\n\t\t\t\t<div class=\"elementor-widget-container\">\n\t\t\t\t\t\t\t\t<div class=\"elementor-text-editor elementor-clearfix\">\n\t\t\t\tJennifer Brandel, jornalista e CEO da <u><a href=\"https:\/\/www.wearehearken.com\/\" target=\"_blank\" rel=\"noopener\">Hearken<\/a><\/u>, afirma que envolver o p\u00fablico \u00e9 inovar no processo. Para ela, \u00e9 necess\u00e1ria uma mudan\u00e7a de postura das reda\u00e7\u00f5es, que deveriam estar perguntando aos leitores o que podem fazer para ajud\u00e1-los, em vez de oferecer as mat\u00e9rias sob a l\u00f3gica do &#8220;aqui est\u00e1 o que n\u00f3s achamos que voc\u00ea precisa saber&#8221;. Falamos sobre isso na <u><a href=\"https:\/\/mailchi.mp\/4a633d144f99\/nfj229-got-das-assinaturas-golpe-na-the-markup-a-iluso-do-cidado-bem-informado-o-dio-imprensa-e-o-populismo?e=199f33b62b\" target=\"_blank\" rel=\"noopener\">NFJ #229<\/a><\/u>. E na <u><a href=\"hhttps:\/\/www.google.com\/url?q=https:\/\/mailchi.mp\/eb3566d5c222\/nfj199-uma-reflexo-para-no-sermos-usados-nas-redes-relevncia-em-queda-e-dio-em-alta-na-rede-de-mark-rss-para-sair-da-bolha?e%3D%5BUNIQID%5D&#038;sa=D&#038;ust=1559695380195000&#038;usg=AFQjCNGiGqPGXM1vqfH6-67be6JxAspM1w\" target=\"_blank\" rel=\"noopener\">NFJ #199<\/a><\/u> destacamos a cria\u00e7\u00e3o do grupo do Nexo no Facebook.\t\t\t\t\t<\/div>\n\t\t\t\t\t\t<\/div>\n\t\t\t\t<\/div>\n\t\t\t\t\t\t<\/div>\n\t\t\t\t\t<\/div>\n\t\t<\/div>\n\t\t\t\t<div class=\"elementor-column elementor-col-33 elementor-top-column elementor-element elementor-element-ab0143b\" data-id=\"ab0143b\" data-element_type=\"column\">\n\t\t\t<div class=\"elementor-column-wrap elementor-element-populated\">\n\t\t\t\t\t\t\t<div class=\"elementor-widget-wrap\">\n\t\t\t\t\t\t<div class=\"elementor-element elementor-element-32551d2 elementor-widget elementor-widget-text-editor\" data-id=\"32551d2\" data-element_type=\"widget\" data-widget_type=\"text-editor.default\">\n\t\t\t\t<div class=\"elementor-widget-container\">\n\t\t\t\t\t\t\t\t<div class=\"elementor-text-editor elementor-clearfix\">\n\t\t\t\t<strong>E como voc\u00eas medem essa experi\u00eancia do usu\u00e1rio, esse comportamento? <\/strong><br><br>\n\nPara al\u00e9m de ferramentas, n\u00f3s temos uma intera\u00e7\u00e3o grande com nossos leitores, recebemos muitos emails e respondemos todos. Temos um <a href=\"https:\/\/www.facebook.com\/groups\/AssinantesDoNexo\/\" target=\"_blank\" rel=\"noopener\">grupo de assinantes do Nexo<\/a> no Facebook no qual as pessoas mandam sugest\u00e3o de pauta, fazem perguntas, querem entender coisas do nosso processo de produ\u00e7\u00e3o, apontam erros, questionam metodologia, pedem explica\u00e7\u00f5es. Esse tipo de intera\u00e7\u00e3o tamb\u00e9m nos ajuda muito a entender quem \u00e9 a nossa audi\u00eancia. As pessoas j\u00e1 chegam com encomendas de pauta que s\u00e3o muito a cara do Nexo: &#8220;Olha, li tal coisa, mas nunca ouvi falar disso, poderiam explicar?&#8221; E ouvimos tamb\u00e9m as reclama\u00e7\u00f5es.\t\t\t\t\t<\/div>\n\t\t\t\t\t\t<\/div>\n\t\t\t\t<\/div>\n\t\t\t\t\t\t<\/div>\n\t\t\t\t\t<\/div>\n\t\t<\/div>\n\t\t\t\t\t\t\t\t<\/div>\n\t\t\t\t\t<\/div>\n\t\t<\/section>\n\t\t\t\t<section class=\"elementor-section elementor-top-section elementor-element elementor-element-e89aa93 elementor-section-boxed elementor-section-height-default elementor-section-height-default\" data-id=\"e89aa93\" data-element_type=\"section\">\n\t\t\t\t\t\t<div class=\"elementor-container elementor-column-gap-default\">\n\t\t\t\t\t\t\t<div class=\"elementor-row\">\n\t\t\t\t\t<div class=\"elementor-column elementor-col-100 elementor-top-column elementor-element elementor-element-65e4ae9\" data-id=\"65e4ae9\" data-element_type=\"column\">\n\t\t\t<div class=\"elementor-column-wrap elementor-element-populated\">\n\t\t\t\t\t\t\t<div class=\"elementor-widget-wrap\">\n\t\t\t\t\t\t<div class=\"elementor-element elementor-element-abd7dfa elementor-widget elementor-widget-spacer\" data-id=\"abd7dfa\" data-element_type=\"widget\" data-widget_type=\"spacer.default\">\n\t\t\t\t<div class=\"elementor-widget-container\">\n\t\t\t\t\t<div class=\"elementor-spacer\">\n\t\t\t<div class=\"elementor-spacer-inner\"><\/div>\n\t\t<\/div>\n\t\t\t\t<\/div>\n\t\t\t\t<\/div>\n\t\t\t\t\t\t<\/div>\n\t\t\t\t\t<\/div>\n\t\t<\/div>\n\t\t\t\t\t\t\t\t<\/div>\n\t\t\t\t\t<\/div>\n\t\t<\/section>\n\t\t\t\t<section class=\"elementor-section elementor-top-section elementor-element elementor-element-5894d22 elementor-section-boxed elementor-section-height-default elementor-section-height-default\" data-id=\"5894d22\" data-element_type=\"section\" data-settings=\"{&quot;background_background&quot;:&quot;classic&quot;}\">\n\t\t\t\t\t\t<div class=\"elementor-container elementor-column-gap-default\">\n\t\t\t\t\t\t\t<div class=\"elementor-row\">\n\t\t\t\t\t<div class=\"elementor-column elementor-col-50 elementor-top-column elementor-element elementor-element-c41a45d\" data-id=\"c41a45d\" data-element_type=\"column\">\n\t\t\t<div class=\"elementor-column-wrap elementor-element-populated\">\n\t\t\t\t\t\t\t<div class=\"elementor-widget-wrap\">\n\t\t\t\t\t\t<div class=\"elementor-element elementor-element-0b796d6 elementor-widget elementor-widget-spacer\" data-id=\"0b796d6\" data-element_type=\"widget\" data-widget_type=\"spacer.default\">\n\t\t\t\t<div class=\"elementor-widget-container\">\n\t\t\t\t\t<div class=\"elementor-spacer\">\n\t\t\t<div class=\"elementor-spacer-inner\"><\/div>\n\t\t<\/div>\n\t\t\t\t<\/div>\n\t\t\t\t<\/div>\n\t\t\t\t\t\t<\/div>\n\t\t\t\t\t<\/div>\n\t\t<\/div>\n\t\t\t\t<div class=\"elementor-column elementor-col-50 elementor-top-column elementor-element elementor-element-8c9ad21\" data-id=\"8c9ad21\" data-element_type=\"column\">\n\t\t\t<div class=\"elementor-column-wrap elementor-element-populated\">\n\t\t\t\t\t\t\t<div class=\"elementor-widget-wrap\">\n\t\t\t\t\t\t<div class=\"elementor-element elementor-element-270c38c elementor-widget elementor-widget-text-editor\" data-id=\"270c38c\" data-element_type=\"widget\" data-widget_type=\"text-editor.default\">\n\t\t\t\t<div class=\"elementor-widget-container\">\n\t\t\t\t\t\t\t\t<div class=\"elementor-text-editor elementor-clearfix\">\n\t\t\t\tHoje em dia n\u00e3o d\u00e1 para pensar o conte\u00fado sem uma intera\u00e7\u00e3o direta com o seu leitor. \t\t\t\t\t<\/div>\n\t\t\t\t\t\t<\/div>\n\t\t\t\t<\/div>\n\t\t\t\t\t\t<\/div>\n\t\t\t\t\t<\/div>\n\t\t<\/div>\n\t\t\t\t\t\t\t\t<\/div>\n\t\t\t\t\t<\/div>\n\t\t<\/section>\n\t\t\t\t<section class=\"elementor-section elementor-top-section elementor-element elementor-element-72032d6 elementor-section-boxed elementor-section-height-default elementor-section-height-default\" data-id=\"72032d6\" data-element_type=\"section\">\n\t\t\t\t\t\t<div class=\"elementor-container elementor-column-gap-default\">\n\t\t\t\t\t\t\t<div class=\"elementor-row\">\n\t\t\t\t\t<div class=\"elementor-column elementor-col-100 elementor-top-column elementor-element elementor-element-17b7758\" data-id=\"17b7758\" data-element_type=\"column\">\n\t\t\t<div class=\"elementor-column-wrap elementor-element-populated\">\n\t\t\t\t\t\t\t<div class=\"elementor-widget-wrap\">\n\t\t\t\t\t\t<div class=\"elementor-element elementor-element-599e972 elementor-widget elementor-widget-spacer\" data-id=\"599e972\" data-element_type=\"widget\" data-widget_type=\"spacer.default\">\n\t\t\t\t<div class=\"elementor-widget-container\">\n\t\t\t\t\t<div class=\"elementor-spacer\">\n\t\t\t<div class=\"elementor-spacer-inner\"><\/div>\n\t\t<\/div>\n\t\t\t\t<\/div>\n\t\t\t\t<\/div>\n\t\t\t\t<div class=\"elementor-element elementor-element-72047a2 elementor-widget elementor-widget-text-editor\" data-id=\"72047a2\" data-element_type=\"widget\" data-widget_type=\"text-editor.default\">\n\t\t\t\t<div class=\"elementor-widget-container\">\n\t\t\t\t\t\t\t\t<div class=\"elementor-text-editor elementor-clearfix\">\n\t\t\t\t<strong>\u00c9 um novo ve\u00edculo? <\/strong><br><br>\n\nExatamente. N\u00e3o \u00e9 na \u00e1rea de jornalismo explicativo, \u00e9 um outro formato, para ser lan\u00e7ado ainda este ano.\t\t\t\t\t<\/div>\n\t\t\t\t\t\t<\/div>\n\t\t\t\t<\/div>\n\t\t\t\t\t\t<\/div>\n\t\t\t\t\t<\/div>\n\t\t<\/div>\n\t\t\t\t\t\t\t\t<\/div>\n\t\t\t\t\t<\/div>\n\t\t<\/section>\n\t\t\t\t<section class=\"elementor-section elementor-top-section elementor-element elementor-element-02337f7 elementor-section-boxed elementor-section-height-default elementor-section-height-default\" data-id=\"02337f7\" data-element_type=\"section\">\n\t\t\t\t\t\t<div class=\"elementor-container elementor-column-gap-default\">\n\t\t\t\t\t\t\t<div class=\"elementor-row\">\n\t\t\t\t\t<div class=\"elementor-column elementor-col-100 elementor-top-column elementor-element elementor-element-846531b\" data-id=\"846531b\" data-element_type=\"column\">\n\t\t\t<div class=\"elementor-column-wrap elementor-element-populated\">\n\t\t\t\t\t\t\t<div class=\"elementor-widget-wrap\">\n\t\t\t\t\t\t<div class=\"elementor-element elementor-element-a561a84 elementor-widget elementor-widget-text-editor\" data-id=\"a561a84\" data-element_type=\"widget\" data-widget_type=\"text-editor.default\">\n\t\t\t\t<div class=\"elementor-widget-container\">\n\t\t\t\t\t\t\t\t<div class=\"elementor-text-editor elementor-clearfix\">\n\t\t\t\t<strong>Com rela\u00e7\u00e3o ao <a href=\"https:\/\/www.nexojornal.com.br\/edu\/\" target=\"_blank\" rel=\"noopener\">Nexo Edu<\/a>, o quanto esse bra\u00e7o do Nexo representa em termos de esfor\u00e7os da equipe?<\/strong><br><br>\n\nO conte\u00fado produzido para o Nexo Edu \u00e9 o mesmo do Nexo. O Nexo Edu \u00e9 uma plataforma com uma curadoria de conte\u00fados do Nexo e que t\u00eam uma voca\u00e7\u00e3o particular para a sala de aula, organizada de uma maneira diferente. A home do Edu lembra a home do Nexo, mas n\u00e3o \u00e9 igual. A frequ\u00eancia de atualiza\u00e7\u00e3o \u00e9 quase di\u00e1ria. Tem pessoas que trabalham especificamente com isso, porque temos duas newsletters que s\u00e3o s\u00f3 do Edu.\t\t\t\t\t<\/div>\n\t\t\t\t\t\t<\/div>\n\t\t\t\t<\/div>\n\t\t\t\t\t\t<\/div>\n\t\t\t\t\t<\/div>\n\t\t<\/div>\n\t\t\t\t\t\t\t\t<\/div>\n\t\t\t\t\t<\/div>\n\t\t<\/section>\n\t\t\t\t<section class=\"elementor-section elementor-top-section elementor-element elementor-element-466b6d9 elementor-section-boxed elementor-section-height-default elementor-section-height-default\" data-id=\"466b6d9\" data-element_type=\"section\">\n\t\t\t\t\t\t<div class=\"elementor-container elementor-column-gap-default\">\n\t\t\t\t\t\t\t<div class=\"elementor-row\">\n\t\t\t\t\t<div class=\"elementor-column elementor-col-100 elementor-top-column elementor-element elementor-element-273428e\" data-id=\"273428e\" data-element_type=\"column\">\n\t\t\t<div class=\"elementor-column-wrap elementor-element-populated\">\n\t\t\t\t\t\t\t<div class=\"elementor-widget-wrap\">\n\t\t\t\t\t\t<div class=\"elementor-element elementor-element-06a882c elementor-widget elementor-widget-text-editor\" data-id=\"06a882c\" data-element_type=\"widget\" data-widget_type=\"text-editor.default\">\n\t\t\t\t<div class=\"elementor-widget-container\">\n\t\t\t\t\t\t\t\t<div class=\"elementor-text-editor elementor-clearfix\">\n\t\t\t\t<strong>E essa interface com a Educa\u00e7\u00e3o \u00e9 uma caracter\u00edstica do Nexo&#8230; <\/strong><br><br>\n\nSim. Para n\u00f3s isso estava claro desde o come\u00e7o. Quer\u00edamos ter uma interface grande com a educa\u00e7\u00e3o e, aos poucos, fomos entendendo como. Hoje o Nexo Edu \u00e9 vendido para escolas particulares, para professores e para alunos. A gente tem um projeto piloto de estar na rede p\u00fablica de dois estados brasileiros que, talvez, se concretize esse ano. E temos o projeto que vai ser lan\u00e7ado neste ano do Edu com cursinhos populares.\t\t\t\t\t<\/div>\n\t\t\t\t\t\t<\/div>\n\t\t\t\t<\/div>\n\t\t\t\t<div class=\"elementor-element elementor-element-61fe2e1 elementor-widget elementor-widget-spacer\" data-id=\"61fe2e1\" data-element_type=\"widget\" data-widget_type=\"spacer.default\">\n\t\t\t\t<div class=\"elementor-widget-container\">\n\t\t\t\t\t<div class=\"elementor-spacer\">\n\t\t\t<div class=\"elementor-spacer-inner\"><\/div>\n\t\t<\/div>\n\t\t\t\t<\/div>\n\t\t\t\t<\/div>\n\t\t\t\t\t\t<\/div>\n\t\t\t\t\t<\/div>\n\t\t<\/div>\n\t\t\t\t\t\t\t\t<\/div>\n\t\t\t\t\t<\/div>\n\t\t<\/section>\n\t\t\t\t<section class=\"elementor-section elementor-top-section elementor-element elementor-element-b605ff8 elementor-section-boxed elementor-section-height-default elementor-section-height-default\" data-id=\"b605ff8\" data-element_type=\"section\">\n\t\t\t\t\t\t<div class=\"elementor-container elementor-column-gap-default\">\n\t\t\t\t\t\t\t<div class=\"elementor-row\">\n\t\t\t\t\t<div class=\"elementor-column elementor-col-50 elementor-top-column elementor-element elementor-element-a3b3319\" data-id=\"a3b3319\" data-element_type=\"column\">\n\t\t\t<div class=\"elementor-column-wrap elementor-element-populated\">\n\t\t\t\t\t\t\t<div class=\"elementor-widget-wrap\">\n\t\t\t\t\t\t<div class=\"elementor-element elementor-element-3eb78a6 elementor-widget elementor-widget-text-editor\" data-id=\"3eb78a6\" data-element_type=\"widget\" data-widget_type=\"text-editor.default\">\n\t\t\t\t<div class=\"elementor-widget-container\">\n\t\t\t\t\t\t\t\t<div class=\"elementor-text-editor elementor-clearfix\">\n\t\t\t\tEm <u><a href=\"https:\/\/medium.com\/farol-jornalismo\/nexo-jornal-reafirma-a-possibilidade-do-debate-p%C3%BAblico-80696b21a7c5\" rel=\"noopener\" target=\"_blank\">entrevista ao Farol Jornalismo em 2017<\/a><\/u>, Paula Miraglia j\u00e1 falava sobre esse potencial educacional dos conte\u00fados do Nexo, destacando os cursos da <u><a href=\"https:\/\/escolan.com.br\/\" rel=\"noopener\" target=\"_blank\">Escola N<\/a><\/u>.\t\t\t\t\t<\/div>\n\t\t\t\t\t\t<\/div>\n\t\t\t\t<\/div>\n\t\t\t\t\t\t<\/div>\n\t\t\t\t\t<\/div>\n\t\t<\/div>\n\t\t\t\t<div class=\"elementor-column elementor-col-50 elementor-top-column elementor-element elementor-element-d28531e\" data-id=\"d28531e\" data-element_type=\"column\">\n\t\t\t<div class=\"elementor-column-wrap elementor-element-populated\">\n\t\t\t\t\t\t\t<div class=\"elementor-widget-wrap\">\n\t\t\t\t\t\t<div class=\"elementor-element elementor-element-f9aec53 elementor-widget elementor-widget-image\" data-id=\"f9aec53\" data-element_type=\"widget\" data-widget_type=\"image.default\">\n\t\t\t\t<div class=\"elementor-widget-container\">\n\t\t\t\t\t\t\t\t<div class=\"elementor-image\">\n\t\t\t\t\t\t\t\t\t\t\t\t\t<a href=\"https:\/\/medium.com\/farol-jornalismo\/nexo-jornal-reafirma-a-possibilidade-do-debate-p%C3%BAblico-80696b21a7c5\">\n\t\t\t\t\t\t\t<img loading=\"lazy\" decoding=\"async\" width=\"804\" height=\"357\" src=\"http:\/\/faroljornalismo.cc\/blog\/wp-content\/uploads\/2019\/06\/Captura-de-Tela-2019-06-03-a\u0300s-16.11.22.png\" class=\"attachment-large size-large\" alt=\"\" srcset=\"http:\/\/faroljornalismo.cc\/blog\/wp-content\/uploads\/2019\/06\/Captura-de-Tela-2019-06-03-a\u0300s-16.11.22.png 804w, http:\/\/faroljornalismo.cc\/blog\/wp-content\/uploads\/2019\/06\/Captura-de-Tela-2019-06-03-a\u0300s-16.11.22-300x133.png 300w, http:\/\/faroljornalismo.cc\/blog\/wp-content\/uploads\/2019\/06\/Captura-de-Tela-2019-06-03-a\u0300s-16.11.22-768x341.png 768w\" sizes=\"(max-width: 804px) 100vw, 804px\" \/>\t\t\t\t\t\t\t\t<\/a>\n\t\t\t\t\t\t\t\t\t\t\t\t\t\t<\/div>\n\t\t\t\t\t\t<\/div>\n\t\t\t\t<\/div>\n\t\t\t\t\t\t<\/div>\n\t\t\t\t\t<\/div>\n\t\t<\/div>\n\t\t\t\t\t\t\t\t<\/div>\n\t\t\t\t\t<\/div>\n\t\t<\/section>\n\t\t\t\t<section class=\"elementor-section elementor-top-section elementor-element elementor-element-9d09844 elementor-section-boxed elementor-section-height-default elementor-section-height-default\" data-id=\"9d09844\" data-element_type=\"section\">\n\t\t\t\t\t\t<div class=\"elementor-container elementor-column-gap-default\">\n\t\t\t\t\t\t\t<div class=\"elementor-row\">\n\t\t\t\t\t<div class=\"elementor-column elementor-col-100 elementor-top-column elementor-element elementor-element-48f56de\" data-id=\"48f56de\" data-element_type=\"column\">\n\t\t\t<div class=\"elementor-column-wrap elementor-element-populated\">\n\t\t\t\t\t\t\t<div class=\"elementor-widget-wrap\">\n\t\t\t\t\t\t<div class=\"elementor-element elementor-element-8525f8a elementor-widget elementor-widget-spacer\" data-id=\"8525f8a\" data-element_type=\"widget\" data-widget_type=\"spacer.default\">\n\t\t\t\t<div class=\"elementor-widget-container\">\n\t\t\t\t\t<div class=\"elementor-spacer\">\n\t\t\t<div class=\"elementor-spacer-inner\"><\/div>\n\t\t<\/div>\n\t\t\t\t<\/div>\n\t\t\t\t<\/div>\n\t\t\t\t\t\t<\/div>\n\t\t\t\t\t<\/div>\n\t\t<\/div>\n\t\t\t\t\t\t\t\t<\/div>\n\t\t\t\t\t<\/div>\n\t\t<\/section>\n\t\t\t\t<section class=\"elementor-section elementor-top-section elementor-element elementor-element-c6fbe5f elementor-section-boxed elementor-section-height-default elementor-section-height-default\" data-id=\"c6fbe5f\" data-element_type=\"section\" data-settings=\"{&quot;background_background&quot;:&quot;classic&quot;}\">\n\t\t\t\t\t\t<div class=\"elementor-container elementor-column-gap-default\">\n\t\t\t\t\t\t\t<div class=\"elementor-row\">\n\t\t\t\t\t<div class=\"elementor-column elementor-col-100 elementor-top-column elementor-element elementor-element-85cfee5\" data-id=\"85cfee5\" data-element_type=\"column\">\n\t\t\t<div class=\"elementor-column-wrap elementor-element-populated\">\n\t\t\t\t\t\t\t<div class=\"elementor-widget-wrap\">\n\t\t\t\t\t\t<section class=\"elementor-section elementor-inner-section elementor-element elementor-element-45e93c0 elementor-section-boxed elementor-section-height-default elementor-section-height-default\" data-id=\"45e93c0\" data-element_type=\"section\">\n\t\t\t\t\t\t<div class=\"elementor-container elementor-column-gap-default\">\n\t\t\t\t\t\t\t<div class=\"elementor-row\">\n\t\t\t\t\t<div class=\"elementor-column elementor-col-50 elementor-inner-column elementor-element elementor-element-8dad6b5\" data-id=\"8dad6b5\" data-element_type=\"column\">\n\t\t\t<div class=\"elementor-column-wrap elementor-element-populated\">\n\t\t\t\t\t\t\t<div class=\"elementor-widget-wrap\">\n\t\t\t\t\t\t<div class=\"elementor-element elementor-element-0ba648a elementor-widget elementor-widget-spacer\" data-id=\"0ba648a\" data-element_type=\"widget\" data-widget_type=\"spacer.default\">\n\t\t\t\t<div class=\"elementor-widget-container\">\n\t\t\t\t\t<div class=\"elementor-spacer\">\n\t\t\t<div class=\"elementor-spacer-inner\"><\/div>\n\t\t<\/div>\n\t\t\t\t<\/div>\n\t\t\t\t<\/div>\n\t\t\t\t<div class=\"elementor-element elementor-element-6cd1c21 elementor-widget elementor-widget-spacer\" data-id=\"6cd1c21\" data-element_type=\"widget\" data-widget_type=\"spacer.default\">\n\t\t\t\t<div class=\"elementor-widget-container\">\n\t\t\t\t\t<div class=\"elementor-spacer\">\n\t\t\t<div class=\"elementor-spacer-inner\"><\/div>\n\t\t<\/div>\n\t\t\t\t<\/div>\n\t\t\t\t<\/div>\n\t\t\t\t\t\t<\/div>\n\t\t\t\t\t<\/div>\n\t\t<\/div>\n\t\t\t\t<div class=\"elementor-column elementor-col-50 elementor-inner-column elementor-element elementor-element-1a76b5e\" data-id=\"1a76b5e\" data-element_type=\"column\">\n\t\t\t<div class=\"elementor-column-wrap elementor-element-populated\">\n\t\t\t\t\t\t\t<div class=\"elementor-widget-wrap\">\n\t\t\t\t\t\t<div class=\"elementor-element elementor-element-d4934b9 elementor-widget elementor-widget-text-editor\" data-id=\"d4934b9\" data-element_type=\"widget\" data-widget_type=\"text-editor.default\">\n\t\t\t\t<div class=\"elementor-widget-container\">\n\t\t\t\t\t\t\t\t<div class=\"elementor-text-editor elementor-clearfix\">\n\t\t\t\tO fato de n\u00e3o termos publicidade nos d\u00e1 um incentivo muito grande para produzir um conte\u00fado de extrema qualidade que fa\u00e7a com que as pessoas se sintam propensas a pagar por ele.\t\t\t\t\t<\/div>\n\t\t\t\t\t\t<\/div>\n\t\t\t\t<\/div>\n\t\t\t\t\t\t<\/div>\n\t\t\t\t\t<\/div>\n\t\t<\/div>\n\t\t\t\t\t\t\t\t<\/div>\n\t\t\t\t\t<\/div>\n\t\t<\/section>\n\t\t\t\t\t\t<\/div>\n\t\t\t\t\t<\/div>\n\t\t<\/div>\n\t\t\t\t\t\t\t\t<\/div>\n\t\t\t\t\t<\/div>\n\t\t<\/section>\n\t\t\t\t<section class=\"elementor-section elementor-top-section elementor-element elementor-element-b209f4e elementor-section-boxed elementor-section-height-default elementor-section-height-default\" data-id=\"b209f4e\" data-element_type=\"section\">\n\t\t\t\t\t\t<div class=\"elementor-container elementor-column-gap-default\">\n\t\t\t\t\t\t\t<div class=\"elementor-row\">\n\t\t\t\t\t<div class=\"elementor-column elementor-col-100 elementor-top-column elementor-element elementor-element-4b7c580\" data-id=\"4b7c580\" data-element_type=\"column\">\n\t\t\t<div class=\"elementor-column-wrap elementor-element-populated\">\n\t\t\t\t\t\t\t<div class=\"elementor-widget-wrap\">\n\t\t\t\t\t\t<div class=\"elementor-element elementor-element-187655d elementor-widget elementor-widget-spacer\" data-id=\"187655d\" data-element_type=\"widget\" data-widget_type=\"spacer.default\">\n\t\t\t\t<div class=\"elementor-widget-container\">\n\t\t\t\t\t<div class=\"elementor-spacer\">\n\t\t\t<div class=\"elementor-spacer-inner\"><\/div>\n\t\t<\/div>\n\t\t\t\t<\/div>\n\t\t\t\t<\/div>\n\t\t\t\t<div class=\"elementor-element elementor-element-2d7949a elementor-widget elementor-widget-text-editor\" data-id=\"2d7949a\" data-element_type=\"widget\" data-widget_type=\"text-editor.default\">\n\t\t\t\t<div class=\"elementor-widget-container\">\n\t\t\t\t\t\t\t\t<div class=\"elementor-text-editor elementor-clearfix\">\n\t\t\t\t<strong>As assinaturas digitais t\u00eam sido uma tend\u00eancia mundial. Mas alguns autores t\u00eam refletido sobre a dificuldade para o cidad\u00e3o comum de assinar mais de um jornal digital. Voc\u00eas pensam sobre isso? Qual \u00e9 o diferencial do Nexo frente aos outros ve\u00edculos?<\/strong><br><br>\n\nA gente pensa muito sobre isso, pois \u00e9 o nosso core business, apostamos muito nas assinaturas. O primeiro aspecto \u00e9 que a gente procura fazer o processo muito f\u00e1cil, tanto de assinatura quanto de cancelamento. O fato de n\u00e3o termos publicidade nos d\u00e1 um incentivo muito grande para produzir um conte\u00fado de extrema qualidade que fa\u00e7a com que as pessoas se sintam propensas a pagar por ele. \u00c9 muito diferente se eu produzo uma not\u00edcia que pode ser encontrada no meu ve\u00edculo e de uma maneira muito parecida em cinco outros ve\u00edculos, sendo que alguns oferecem isso de gra\u00e7a, sem paywall. A gente procura investir na produ\u00e7\u00e3o de conte\u00fados \u00fanicos, que as pessoas n\u00e3o v\u00e3o achar em outros lugares e que isso, portanto, fa\u00e7a com que elas assinem o Nexo. Entendemos que h\u00e1 algumas motiva\u00e7\u00f5es por tr\u00e1s de uma assinatura: tem pessoas que assinam o Nexo porque querem apoiar esse projeto, elas t\u00eam uma grande identifica\u00e7\u00e3o. Nossa assinatura n\u00e3o \u00e9 muito cara, ent\u00e3o isso, em alguma medida, democratiza o acesso e o n\u00famero de pessoas que podem assinar o jornal. Temos um paywall que libera cinco conte\u00fados gratuitos por m\u00eas,n\u00e3o fechamos completamente, como t\u00eam feito alguns ve\u00edculos. Apostamos na assinatura como principal fonte de receita do jornal.\t\t\t\t\t<\/div>\n\t\t\t\t\t\t<\/div>\n\t\t\t\t<\/div>\n\t\t\t\t\t\t<\/div>\n\t\t\t\t\t<\/div>\n\t\t<\/div>\n\t\t\t\t\t\t\t\t<\/div>\n\t\t\t\t\t<\/div>\n\t\t<\/section>\n\t\t\t\t<section class=\"elementor-section elementor-top-section elementor-element elementor-element-1f39f6e elementor-section-boxed elementor-section-height-default elementor-section-height-default\" data-id=\"1f39f6e\" data-element_type=\"section\">\n\t\t\t\t\t\t<div class=\"elementor-container elementor-column-gap-default\">\n\t\t\t\t\t\t\t<div class=\"elementor-row\">\n\t\t\t\t\t<div class=\"elementor-column elementor-col-50 elementor-top-column elementor-element elementor-element-06539e6\" data-id=\"06539e6\" data-element_type=\"column\">\n\t\t\t<div class=\"elementor-column-wrap\">\n\t\t\t\t\t\t\t<div class=\"elementor-widget-wrap\">\n\t\t\t\t\t\t\t\t<\/div>\n\t\t\t\t\t<\/div>\n\t\t<\/div>\n\t\t\t\t<div class=\"elementor-column elementor-col-50 elementor-top-column elementor-element elementor-element-6f0765f\" data-id=\"6f0765f\" data-element_type=\"column\">\n\t\t\t<div class=\"elementor-column-wrap elementor-element-populated\">\n\t\t\t\t\t\t\t<div class=\"elementor-widget-wrap\">\n\t\t\t\t\t\t<div class=\"elementor-element elementor-element-694cc9e elementor-widget elementor-widget-text-editor\" data-id=\"694cc9e\" data-element_type=\"widget\" data-widget_type=\"text-editor.default\">\n\t\t\t\t<div class=\"elementor-widget-container\">\n\t\t\t\t\t\t\t\t<div class=\"elementor-text-editor elementor-clearfix\">\n\t\t\t\tA ado\u00e7\u00e3o do paywall divide opini\u00f5es na ind\u00fastria e na Academia. Na <u><a href=\"https:\/\/mailchi.mp\/e8ecd4fa4fed\/nfj233-um-livro-contra-a-crise-do-jornalismo-reverso-o-comprova-da-argentina-o-trabalho-da-editora-de-diversidade-da-folha-marco-no-boston-globe?e=199f33b62b\" rel=\"noopener\" target=\"_blank\">NFJ #233<\/a><\/u>, citamos os diversos ve\u00edculos jornal\u00edsticos que t\u00eam tido \u00eaxito neste modelo. E na <u><a href=\"https:\/\/mailchi.mp\/721efb83208c\/nfj220-o-paywall-s-dar-certo-para-alguns-faltam-mulheres-e-negros-nas-redaes-os-monoplios-digitais-da-internet-brasileira?e=199f33b62b\" rel=\"noopener\" target=\"_blank\">NFJ #220<\/a><\/u>, repercutimos o argumento do professor Jeff Jarvis de que o paywall s\u00f3 dar\u00e1 certo para alguns.\t\t\t\t\t<\/div>\n\t\t\t\t\t\t<\/div>\n\t\t\t\t<\/div>\n\t\t\t\t\t\t<\/div>\n\t\t\t\t\t<\/div>\n\t\t<\/div>\n\t\t\t\t\t\t\t\t<\/div>\n\t\t\t\t\t<\/div>\n\t\t<\/section>\n\t\t\t\t<section class=\"elementor-section elementor-top-section elementor-element elementor-element-9e986c0 elementor-section-boxed elementor-section-height-default elementor-section-height-default\" data-id=\"9e986c0\" data-element_type=\"section\">\n\t\t\t\t\t\t<div class=\"elementor-container elementor-column-gap-default\">\n\t\t\t\t\t\t\t<div class=\"elementor-row\">\n\t\t\t\t\t<div class=\"elementor-column elementor-col-100 elementor-top-column elementor-element elementor-element-bbd3126\" data-id=\"bbd3126\" data-element_type=\"column\">\n\t\t\t<div class=\"elementor-column-wrap elementor-element-populated\">\n\t\t\t\t\t\t\t<div class=\"elementor-widget-wrap\">\n\t\t\t\t\t\t<div class=\"elementor-element elementor-element-294f921 elementor-widget elementor-widget-text-editor\" data-id=\"294f921\" data-element_type=\"widget\" data-widget_type=\"text-editor.default\">\n\t\t\t\t<div class=\"elementor-widget-container\">\n\t\t\t\t\t\t\t\t<div class=\"elementor-text-editor elementor-clearfix\">\n\t\t\t\t<strong>Com as assinaturas e o <a href=\"https:\/\/www.nexojornal.com.br\/about\/release\/Mais-investimento-para-o-%E2%80%98Nexo%E2%80%99\" target=\"_blank\" rel=\"noopener\">recente aporte da Luminate<\/a>, a opera\u00e7\u00e3o do Nexo est\u00e1 sustent\u00e1vel?<\/strong><br><br>\n\nO jornal ainda n\u00e3o \u00e9 sustent\u00e1vel, mas ser\u00e1 neste ano. Estamos dentro do nosso plano e, neste ano, a gente atinge o break even [o ponto de equil\u00edbrio entre as despesas e receitas de uma empresa].\t\t\t\t\t<\/div>\n\t\t\t\t\t\t<\/div>\n\t\t\t\t<\/div>\n\t\t\t\t\t\t<\/div>\n\t\t\t\t\t<\/div>\n\t\t<\/div>\n\t\t\t\t\t\t\t\t<\/div>\n\t\t\t\t\t<\/div>\n\t\t<\/section>\n\t\t\t\t<section class=\"elementor-section elementor-top-section elementor-element elementor-element-0a50c8e elementor-section-boxed elementor-section-height-default elementor-section-height-default\" data-id=\"0a50c8e\" data-element_type=\"section\">\n\t\t\t\t\t\t<div class=\"elementor-container elementor-column-gap-default\">\n\t\t\t\t\t\t\t<div class=\"elementor-row\">\n\t\t\t\t\t<div class=\"elementor-column elementor-col-100 elementor-top-column elementor-element elementor-element-d82ab1f\" data-id=\"d82ab1f\" data-element_type=\"column\">\n\t\t\t<div class=\"elementor-column-wrap elementor-element-populated\">\n\t\t\t\t\t\t\t<div class=\"elementor-widget-wrap\">\n\t\t\t\t\t\t<div class=\"elementor-element elementor-element-3dc4b5d elementor-widget elementor-widget-text-editor\" data-id=\"3dc4b5d\" data-element_type=\"widget\" data-widget_type=\"text-editor.default\">\n\t\t\t\t<div class=\"elementor-widget-container\">\n\t\t\t\t\t\t\t\t<div class=\"elementor-text-editor elementor-clearfix\">\n\t\t\t\t<strong>Sobre o grupo do Nexo no Facebook que voc\u00ea citou anteriormente, como tem sido essa experi\u00eancia de di\u00e1logo com os leitores?<\/strong><br><br>\n\nEla come\u00e7ou no per\u00edodo cr\u00edtico das elei\u00e7\u00f5es de 2018&#8230;\nTem sido uma experi\u00eancia muito boa. Hoje isso est\u00e1 em qualquer manual, a ideia de voc\u00ea cultivar um senso de comunidade. A gente foi fazendo de forma muito org\u00e2nica. No come\u00e7o, fic\u00e1vamos pensando: como um ve\u00edculo responde a uma intera\u00e7\u00e3o de um emoji de cora\u00e7\u00e3ozinho, por exemplo? A gente teve que definir a nossa personalidade, como a gente interage, e resolvemos ser diretos e transparentes. Eu acho que hoje a principal caracter\u00edstica da nossa rela\u00e7\u00e3o com os leitores \u00e9 que \u00e9 horizontal e eles percebem isso. Vou dar outro exemplo: o Facebook tem uma lista de palavras que oculta automaticamente nos coment\u00e1rios. Se o seu coment\u00e1rio foi ocultado porque voc\u00ea usou uma palavra que est\u00e1 nessa lista, a gente vai no privado e te avisa: voc\u00ea n\u00e3o quer refazer e voltar para a conversa? E isso d\u00e1 muito certo. Tem pessoas que reclamam, falam que estamos censurando, mas muita gente gosta, fala que estava de cabe\u00e7a quente, agradece por ter algu\u00e9m cuidando e refaz o coment\u00e1rio.\t\t\t\t\t<\/div>\n\t\t\t\t\t\t<\/div>\n\t\t\t\t<\/div>\n\t\t\t\t\t\t<\/div>\n\t\t\t\t\t<\/div>\n\t\t<\/div>\n\t\t\t\t\t\t\t\t<\/div>\n\t\t\t\t\t<\/div>\n\t\t<\/section>\n\t\t\t\t<section class=\"elementor-section elementor-top-section elementor-element elementor-element-e169f96 elementor-section-boxed elementor-section-height-default elementor-section-height-default\" data-id=\"e169f96\" data-element_type=\"section\">\n\t\t\t\t\t\t<div class=\"elementor-container elementor-column-gap-default\">\n\t\t\t\t\t\t\t<div class=\"elementor-row\">\n\t\t\t\t\t<div class=\"elementor-column elementor-col-100 elementor-top-column elementor-element elementor-element-224d4b5\" data-id=\"224d4b5\" data-element_type=\"column\">\n\t\t\t<div class=\"elementor-column-wrap elementor-element-populated\">\n\t\t\t\t\t\t\t<div class=\"elementor-widget-wrap\">\n\t\t\t\t\t\t<div class=\"elementor-element elementor-element-6223c34 elementor-widget elementor-widget-text-editor\" data-id=\"6223c34\" data-element_type=\"widget\" data-widget_type=\"text-editor.default\">\n\t\t\t\t<div class=\"elementor-widget-container\">\n\t\t\t\t\t\t\t\t<div class=\"elementor-text-editor elementor-clearfix\">\n\t\t\t\t<strong>Essa quest\u00e3o da modera\u00e7\u00e3o \u00e9 importante, n\u00e9? <\/strong><br><br>\n\n<a id=\"aspa4\" name=\"aspa4\"><\/a>Sim, tem algu\u00e9m l\u00e1, n\u00e3o \u00e9 um terreno abandonado. As pessoas apontam erros, a gente responde; fazem perguntas, a gente explica; reclamam que t\u00eam que pagar para ler o jornal, a gente explica por que a assinatura foi nossa aposta. Isso j\u00e1 criou nas nossas redes sociais uma interlocu\u00e7\u00e3o muito grande. Criamos o grupo no Facebook olhando um pouco como outros ve\u00edculos faziam e foi super legal. Numa elei\u00e7\u00e3o marcada pela polariza\u00e7\u00e3o, havia eleitores de candidatos diferentes se dispondo a debater. Para mim foi super emocionante ver que a gente tem leitores que se identificam com o projeto do jornal e se identificam com essa ideia de que \u00e9 importante ouvir o outro lado. E por isso decidimos manter o grupo e o transformamos num grupo de assinantes, onde temos testado algumas coisas tamb\u00e9m. Quando recebemos o financiamento da Luminate eu fui l\u00e1 e contei &#8211; eu j\u00e1 tinha mandado por e-mail &#8211; mas me coloquei l\u00e1 \u00e0 disposi\u00e7\u00e3o para responder qualquer pergunta e as pessoas tinham perguntas, e respondi todas. Ent\u00e3o eu acho que isso vai criando esse espa\u00e7o de intera\u00e7\u00e3o.\t\t\t\t\t<\/div>\n\t\t\t\t\t\t<\/div>\n\t\t\t\t<\/div>\n\t\t\t\t\t\t<\/div>\n\t\t\t\t\t<\/div>\n\t\t<\/div>\n\t\t\t\t\t\t\t\t<\/div>\n\t\t\t\t\t<\/div>\n\t\t<\/section>\n\t\t\t\t<section class=\"elementor-section elementor-top-section elementor-element elementor-element-bb712fe elementor-section-boxed elementor-section-height-default elementor-section-height-default\" data-id=\"bb712fe\" data-element_type=\"section\">\n\t\t\t\t\t\t<div class=\"elementor-container elementor-column-gap-default\">\n\t\t\t\t\t\t\t<div class=\"elementor-row\">\n\t\t\t\t\t<div class=\"elementor-column elementor-col-25 elementor-top-column elementor-element elementor-element-bd8e738\" data-id=\"bd8e738\" data-element_type=\"column\">\n\t\t\t<div class=\"elementor-column-wrap\">\n\t\t\t\t\t\t\t<div class=\"elementor-widget-wrap\">\n\t\t\t\t\t\t\t\t<\/div>\n\t\t\t\t\t<\/div>\n\t\t<\/div>\n\t\t\t\t<div class=\"elementor-column elementor-col-25 elementor-top-column elementor-element elementor-element-ad6cce8\" data-id=\"ad6cce8\" data-element_type=\"column\">\n\t\t\t<div class=\"elementor-column-wrap elementor-element-populated\">\n\t\t\t\t\t\t\t<div class=\"elementor-widget-wrap\">\n\t\t\t\t\t\t<div class=\"elementor-element elementor-element-a46435a elementor-widget elementor-widget-text-editor\" data-id=\"a46435a\" data-element_type=\"widget\" data-widget_type=\"text-editor.default\">\n\t\t\t\t<div class=\"elementor-widget-container\">\n\t\t\t\t\t\t\t\t<div class=\"elementor-text-editor elementor-clearfix\">\n\t\t\t\tEssas iniciativas do Nexo se aproximam muito do conceito de membership que, como destacamos na <u><a href=\"https:\/\/mailchi.mp\/4a633d144f99\/nfj229-got-das-assinaturas-golpe-na-the-markup-a-iluso-do-cidado-bem-informado-o-dio-imprensa-e-o-populismo?e=199f33b62b\" target=\"_blank\" rel=\"noopener\">NFJ #229<\/a><\/u>, n\u00e3o \u00e9 apenas um novo nome para assinaturas. Pontos-chave: estar aberto a ouvir e valorizar a opini\u00e3o dos seus membros, al\u00e9m de oferecer formas de participa\u00e7\u00e3o que contemplem suas habilidades, objetivos e limita\u00e7\u00f5es.\n\nAo lado, uma defini\u00e7\u00e3o de membership de Emily Goligosky, do <u><a href=\"https:\/\/membershippuzzle.org\/\" rel=\"noopener\" target=\"_blank\">Membership Puzzle Project<\/a><\/u>, em <u><a href=\"https:\/\/www.theguardian.com\/membership\/2018\/sep\/08\/membership-puzzle-burning-man-co-ops-journalism\" rel=\"noopener\" target=\"_blank\">um texto publicado no Guardian<\/a><\/u>.\t\t\t\t\t<\/div>\n\t\t\t\t\t\t<\/div>\n\t\t\t\t<\/div>\n\t\t\t\t\t\t<\/div>\n\t\t\t\t\t<\/div>\n\t\t<\/div>\n\t\t\t\t<div class=\"elementor-column elementor-col-25 elementor-top-column elementor-element elementor-element-8152952\" data-id=\"8152952\" data-element_type=\"column\">\n\t\t\t<div class=\"elementor-column-wrap\">\n\t\t\t\t\t\t\t<div class=\"elementor-widget-wrap\">\n\t\t\t\t\t\t\t\t<\/div>\n\t\t\t\t\t<\/div>\n\t\t<\/div>\n\t\t\t\t<div class=\"elementor-column elementor-col-25 elementor-top-column elementor-element elementor-element-ca95e9c\" data-id=\"ca95e9c\" data-element_type=\"column\">\n\t\t\t<div class=\"elementor-column-wrap elementor-element-populated\">\n\t\t\t\t\t\t\t<div class=\"elementor-widget-wrap\">\n\t\t\t\t\t\t<div class=\"elementor-element elementor-element-891f141 elementor-widget elementor-widget-spacer\" data-id=\"891f141\" data-element_type=\"widget\" data-widget_type=\"spacer.default\">\n\t\t\t\t<div class=\"elementor-widget-container\">\n\t\t\t\t\t<div class=\"elementor-spacer\">\n\t\t\t<div class=\"elementor-spacer-inner\"><\/div>\n\t\t<\/div>\n\t\t\t\t<\/div>\n\t\t\t\t<\/div>\n\t\t\t\t\t\t<\/div>\n\t\t\t\t\t<\/div>\n\t\t<\/div>\n\t\t\t\t\t\t\t\t<\/div>\n\t\t\t\t\t<\/div>\n\t\t<\/section>\n\t\t\t\t<section class=\"elementor-section elementor-top-section elementor-element elementor-element-4be7f9c elementor-section-boxed elementor-section-height-default elementor-section-height-default\" data-id=\"4be7f9c\" data-element_type=\"section\">\n\t\t\t\t\t\t<div class=\"elementor-container elementor-column-gap-default\">\n\t\t\t\t\t\t\t<div class=\"elementor-row\">\n\t\t\t\t\t<div class=\"elementor-column elementor-col-100 elementor-top-column elementor-element elementor-element-8092160\" data-id=\"8092160\" data-element_type=\"column\">\n\t\t\t<div class=\"elementor-column-wrap elementor-element-populated\">\n\t\t\t\t\t\t\t<div class=\"elementor-widget-wrap\">\n\t\t\t\t\t\t<div class=\"elementor-element elementor-element-43c4271 elementor-widget elementor-widget-text-editor\" data-id=\"43c4271\" data-element_type=\"widget\" data-widget_type=\"text-editor.default\">\n\t\t\t\t<div class=\"elementor-widget-container\">\n\t\t\t\t\t\t\t\t<div class=\"elementor-text-editor elementor-clearfix\">\n\t\t\t\t<strong>Quais s\u00e3o os principais indicadores de sucesso para o Nexo? Quais as m\u00e9tricas que mais importam? <\/strong><br><br>\n\nEsse endosso p\u00fablico que nossos leitores fazem do Nexo \u00e9, para n\u00f3s, um indicador importante, ou seja, o fato de que as pessoas compartilham, divulgam, usam nosso material para debater ou endossam o jornal publicamente. Obviamente a audi\u00eancia, o alcance do nosso material \u00e9 tamb\u00e9m um indicador. Assim como o fato de que temos muitos professores usando o Nexo em sala de aula e dizendo isso para a gente. Desde que foi lan\u00e7ado, o material do Nexo foi usado nos principais vestibulares e no Enem, isso tamb\u00e9m \u00e9 um indicador relevante. Nosso material \u00e9 compartilhado por pol\u00edticos de inclina\u00e7\u00f5es muito variadas, a gente gosta de acompanhar isso e vemos um pouco o impacto da nossa cobertura no debate.<br><br>\n\nComo \u00e9 que as pessoas se apropriam daquilo que a gente est\u00e1 publicando para debater temas que s\u00e3o importantes para o pa\u00eds? Temos um crescimento constante e sustent\u00e1vel das assinaturas, obviamente isso \u00e9 um indicador super relevante por estar diretamente associado \u00e0 sustentabilidade. Um outro indicador \u00e9 o tipo de parceria que a gente tem sido capaz de estabelecer, como com centros de pesquisas relevantes nas suas \u00e1reas. E os pr\u00eamios tamb\u00e9m. Fomos reconhecidos como o <a href=\"https:\/\/www.nexojornal.com.br\/expresso\/2018\/11\/21\/%E2%80%98Nexo%E2%80%99-vence-pr%C3%AAmio-de-melhor-site-de-not%C3%ADcias-da-Am%C3%A9rica-Latina\" target=\"_blank\" rel=\"noopener\">melhor site de not\u00edcias da Am\u00e9rica Latina pela WAN-IFRA<\/a> e somos finalistas a <a href=\"https:\/\/twitter.com\/NexoJornal\/status\/1122987674384515072\" target=\"_blank\" rel=\"noopener\">melhor site de not\u00edcias do mundo<\/a>, concorrendo com o Guardian e o Washington Post. Para um jornal que tem tr\u00eas anos e meio \u00e9 um super reconhecimento. Por fim, o Nexo acabou de ganhar o selo do <a href=\"https:\/\/www.nexojornal.com.br\/about\/Padr%C3%B5es-editoriais-do-Nexo\" target=\"_blank\" rel=\"noopener\">Trust Project<\/a> e isso tamb\u00e9m foi um reconhecimento importante porque muitos atributos n\u00f3s j\u00e1 t\u00ednhamos desde o come\u00e7o, ent\u00e3o fomos um dos primeiros a aderir ao projeto aqui no Brasil. J\u00e1 est\u00e1 no <a href=\"https:\/\/www.nexojornal.com.br\/about\/Sobre-o-Nexo\" target=\"_blank\" rel=\"noopener\">Sobre do nosso site<\/a> e, em breve, vai come\u00e7ar a aparecer nos nossos conte\u00fados.\t\t\t\t\t<\/div>\n\t\t\t\t\t\t<\/div>\n\t\t\t\t<\/div>\n\t\t\t\t\t\t<\/div>\n\t\t\t\t\t<\/div>\n\t\t<\/div>\n\t\t\t\t\t\t\t\t<\/div>\n\t\t\t\t\t<\/div>\n\t\t<\/section>\n\t\t\t\t<section class=\"elementor-section elementor-top-section elementor-element elementor-element-a19f1bb elementor-section-boxed elementor-section-height-default elementor-section-height-default\" data-id=\"a19f1bb\" data-element_type=\"section\">\n\t\t\t\t\t\t<div class=\"elementor-container elementor-column-gap-default\">\n\t\t\t\t\t\t\t<div class=\"elementor-row\">\n\t\t\t\t\t<div class=\"elementor-column elementor-col-100 elementor-top-column elementor-element elementor-element-95ee0e1\" data-id=\"95ee0e1\" data-element_type=\"column\">\n\t\t\t<div class=\"elementor-column-wrap elementor-element-populated\">\n\t\t\t\t\t\t\t<div class=\"elementor-widget-wrap\">\n\t\t\t\t\t\t<section class=\"elementor-section elementor-inner-section elementor-element elementor-element-96cc31a elementor-section-boxed elementor-section-height-default elementor-section-height-default\" data-id=\"96cc31a\" data-element_type=\"section\">\n\t\t\t\t\t\t<div class=\"elementor-container elementor-column-gap-default\">\n\t\t\t\t\t\t\t<div class=\"elementor-row\">\n\t\t\t\t\t<div class=\"elementor-column elementor-col-50 elementor-inner-column elementor-element elementor-element-17261ea\" data-id=\"17261ea\" data-element_type=\"column\">\n\t\t\t<div class=\"elementor-column-wrap\">\n\t\t\t\t\t\t\t<div class=\"elementor-widget-wrap\">\n\t\t\t\t\t\t\t\t<\/div>\n\t\t\t\t\t<\/div>\n\t\t<\/div>\n\t\t\t\t<div class=\"elementor-column elementor-col-50 elementor-inner-column elementor-element elementor-element-09a73f1\" data-id=\"09a73f1\" data-element_type=\"column\">\n\t\t\t<div class=\"elementor-column-wrap elementor-element-populated\">\n\t\t\t\t\t\t\t<div class=\"elementor-widget-wrap\">\n\t\t\t\t\t\t<div class=\"elementor-element elementor-element-947df14 elementor-widget elementor-widget-text-editor\" data-id=\"947df14\" data-element_type=\"widget\" data-widget_type=\"text-editor.default\">\n\t\t\t\t<div class=\"elementor-widget-container\">\n\t\t\t\t\t\t\t\t<div class=\"elementor-text-editor elementor-clearfix\">\n\t\t\t\tDados sobre a audi\u00eancia s\u00e3o fonte de estresse ou for\u00e7a para o bem? Discutimos isso na <u><a href=\"https:\/\/mailchi.mp\/75eab1496b2c\/nfj152-novidade-uma-nova-voz-na-nfj-dados-sobre-a-audincia-fonte-de-stress-ou-fora-para-o-bem-e-concatenaes-tericas?e=[UNIQID]\" rel=\"noopener\" target=\"_blank\">NFJ #152<\/a><\/u>, a partir de duas opini\u00f5es antag\u00f4nicas sobre o assunto. E na <u><a href=\"https:\/\/mailchi.mp\/b0ff1a869b3b\/nfj216-afronta-na-estreia-retrica-bolsonarista-exige-reviso-de-condutas-as-mtricas-e-o-ano-em-que-vivemos-a-inverso?e=199f33b62b\" rel=\"noopener\" target=\"_blank\">NFJ #216<\/a><\/u> perguntamos: ainda podemos confiar nas m\u00e9tricas em um contexto marcado por bots e f\u00e1brica de cliques?\n\nSobre o Trust Project, <u><a href=\"https:\/\/www.nexojornal.com.br\/entrevista\/2019\/05\/10\/Como-jornais-podem-recuperar-a-credibilidade-segundo-esta-pesquisadora\" rel=\"noopener\" target=\"_blank\">leiam esta entrevista da diretora do programa, Sally Lehrman, ao Nexo<\/a><\/u>.\t\t\t\t\t<\/div>\n\t\t\t\t\t\t<\/div>\n\t\t\t\t<\/div>\n\t\t\t\t\t\t<\/div>\n\t\t\t\t\t<\/div>\n\t\t<\/div>\n\t\t\t\t\t\t\t\t<\/div>\n\t\t\t\t\t<\/div>\n\t\t<\/section>\n\t\t\t\t\t\t<\/div>\n\t\t\t\t\t<\/div>\n\t\t<\/div>\n\t\t\t\t\t\t\t\t<\/div>\n\t\t\t\t\t<\/div>\n\t\t<\/section>\n\t\t\t\t<section class=\"elementor-section elementor-top-section elementor-element elementor-element-de8591f elementor-section-boxed elementor-section-height-default elementor-section-height-default\" data-id=\"de8591f\" data-element_type=\"section\">\n\t\t\t\t\t\t<div class=\"elementor-container elementor-column-gap-default\">\n\t\t\t\t\t\t\t<div class=\"elementor-row\">\n\t\t\t\t\t<div class=\"elementor-column elementor-col-100 elementor-top-column elementor-element elementor-element-c1a1e77\" data-id=\"c1a1e77\" data-element_type=\"column\">\n\t\t\t<div class=\"elementor-column-wrap elementor-element-populated\">\n\t\t\t\t\t\t\t<div class=\"elementor-widget-wrap\">\n\t\t\t\t\t\t<div class=\"elementor-element elementor-element-f1e38bd elementor-widget elementor-widget-text-editor\" data-id=\"f1e38bd\" data-element_type=\"widget\" data-widget_type=\"text-editor.default\">\n\t\t\t\t<div class=\"elementor-widget-container\">\n\t\t\t\t\t\t\t\t<div class=\"elementor-text-editor elementor-clearfix\">\n\t\t\t\t<strong>A se\u00e7\u00e3o <a href=\"https:\/\/www.nexojornal.com.br\/grafico\/\" target=\"_blank\" rel=\"noopener\">Gr\u00e1fico do Nexo<\/a> foi bastante inovadora. Voc\u00eas a consideram um diferencial dentro do jornal? <\/strong><br><br>\n\nEu acho que sim, virou uma linguagem do Nexo. N\u00f3s fomos muito pioneiros nessa frente de pensar na infografia e na visualiza\u00e7\u00e3o de dados como uma estrat\u00e9gia de comunica\u00e7\u00e3o jornal\u00edstica. Temos procurado inovar bastante, tendo cuidado seja olhando para quais bases de dados a gente usa, seja n\u00e3o tendo nenhum preconceito com rela\u00e7\u00e3o \u00e0s pautas que podem ser tratadas com gr\u00e1ficos. Podemos fazer um <a href=\"https:\/\/www.nexojornal.com.br\/grafico\/2017\/11\/27\/A-disparidade-de-emprego-e-renda-entre-brancos-e-negros\" target=\"_blank\" rel=\"noopener\">gr\u00e1fico da Pnad<\/a>, mas podemos fazer tamb\u00e9m um <a href=\"https:\/\/www.nexojornal.com.br\/grafico\/2017\/01\/30\/O-ritmo-e-o-estilo-de-diferentes-obras-liter%C3%A1rias-brasileiras\" target=\"_blank\" rel=\"noopener\">gr\u00e1fico de obras liter\u00e1rias<\/a>; <a href=\"https:\/\/www.nexojornal.com.br\/index\/2019\/04\/25\/Os-dados-do-Censo-e-a-realidade-brasileira-em-gr%C3%A1ficos\" target=\"_blank\" rel=\"noopener\">um do Censo<\/a>, <a href=\"https:\/\/www.nexojornal.com.br\/grafico\/2019\/04\/26\/%E2%80%98Vingadores-Ultimato%E2%80%99-a-linha-do-tempo-dos-her%C3%B3is-at%C3%A9-o-novo-filme\" target=\"_blank\" rel=\"noopener\">mas tamb\u00e9m dos Vingadores<\/a>. Eu acho que n\u00e3o ter preconceito em rela\u00e7\u00e3o aos temas tamb\u00e9m \u00e9 um diferencial na forma como os gr\u00e1ficos se estruturam e a gente tem procurado sempre aperfei\u00e7oar, como quando os gr\u00e1ficos aparecem nos v\u00eddeos, quando a gente tem uma dobradinha de infografista com rep\u00f3rter fazendo uma determinada mat\u00e9ria&#8230; S\u00e3o espa\u00e7os de inova\u00e7\u00e3o dentro do jornal.\t\t\t\t\t<\/div>\n\t\t\t\t\t\t<\/div>\n\t\t\t\t<\/div>\n\t\t\t\t<div class=\"elementor-element elementor-element-f2a363b elementor-widget elementor-widget-spacer\" data-id=\"f2a363b\" data-element_type=\"widget\" data-widget_type=\"spacer.default\">\n\t\t\t\t<div class=\"elementor-widget-container\">\n\t\t\t\t\t<div class=\"elementor-spacer\">\n\t\t\t<div class=\"elementor-spacer-inner\"><\/div>\n\t\t<\/div>\n\t\t\t\t<\/div>\n\t\t\t\t<\/div>\n\t\t\t\t\t\t<\/div>\n\t\t\t\t\t<\/div>\n\t\t<\/div>\n\t\t\t\t\t\t\t\t<\/div>\n\t\t\t\t\t<\/div>\n\t\t<\/section>\n\t\t\t\t<section class=\"elementor-section elementor-top-section elementor-element elementor-element-86df0cb elementor-section-boxed elementor-section-height-default elementor-section-height-default\" data-id=\"86df0cb\" data-element_type=\"section\" data-settings=\"{&quot;background_background&quot;:&quot;classic&quot;}\">\n\t\t\t\t\t\t<div class=\"elementor-container elementor-column-gap-default\">\n\t\t\t\t\t\t\t<div class=\"elementor-row\">\n\t\t\t\t\t<div class=\"elementor-column elementor-col-100 elementor-top-column elementor-element elementor-element-03b2d23\" data-id=\"03b2d23\" data-element_type=\"column\">\n\t\t\t<div class=\"elementor-column-wrap elementor-element-populated\">\n\t\t\t\t\t\t\t<div class=\"elementor-widget-wrap\">\n\t\t\t\t\t\t<section class=\"elementor-section elementor-inner-section elementor-element elementor-element-24b29b4 elementor-section-boxed elementor-section-height-default elementor-section-height-default\" data-id=\"24b29b4\" data-element_type=\"section\">\n\t\t\t\t\t\t<div class=\"elementor-container elementor-column-gap-default\">\n\t\t\t\t\t\t\t<div class=\"elementor-row\">\n\t\t\t\t\t<div class=\"elementor-column elementor-col-50 elementor-inner-column elementor-element elementor-element-4be72c5\" data-id=\"4be72c5\" data-element_type=\"column\">\n\t\t\t<div class=\"elementor-column-wrap elementor-element-populated\">\n\t\t\t\t\t\t\t<div class=\"elementor-widget-wrap\">\n\t\t\t\t\t\t<div class=\"elementor-element elementor-element-54c5336 elementor-widget elementor-widget-spacer\" data-id=\"54c5336\" data-element_type=\"widget\" data-widget_type=\"spacer.default\">\n\t\t\t\t<div class=\"elementor-widget-container\">\n\t\t\t\t\t<div class=\"elementor-spacer\">\n\t\t\t<div class=\"elementor-spacer-inner\"><\/div>\n\t\t<\/div>\n\t\t\t\t<\/div>\n\t\t\t\t<\/div>\n\t\t\t\t\t\t<\/div>\n\t\t\t\t\t<\/div>\n\t\t<\/div>\n\t\t\t\t<div class=\"elementor-column elementor-col-50 elementor-inner-column elementor-element elementor-element-84f23f1\" data-id=\"84f23f1\" data-element_type=\"column\">\n\t\t\t<div class=\"elementor-column-wrap elementor-element-populated\">\n\t\t\t\t\t\t\t<div class=\"elementor-widget-wrap\">\n\t\t\t\t\t\t<div class=\"elementor-element elementor-element-18486c9 elementor-widget elementor-widget-text-editor\" data-id=\"18486c9\" data-element_type=\"widget\" data-widget_type=\"text-editor.default\">\n\t\t\t\t<div class=\"elementor-widget-container\">\n\t\t\t\t\t\t\t\t<div class=\"elementor-text-editor elementor-clearfix\">\n\t\t\t\tNo meio dessa desinforma\u00e7\u00e3o e desconfian\u00e7a, a gente tem procurado maneiras de sinalizar para os nossos leitores quais s\u00e3o os crit\u00e9rios que usamos para atribuir confiabilidade na informa\u00e7\u00e3o que produzimos.\t\t\t\t\t<\/div>\n\t\t\t\t\t\t<\/div>\n\t\t\t\t<\/div>\n\t\t\t\t\t\t<\/div>\n\t\t\t\t\t<\/div>\n\t\t<\/div>\n\t\t\t\t\t\t\t\t<\/div>\n\t\t\t\t\t<\/div>\n\t\t<\/section>\n\t\t\t\t\t\t<\/div>\n\t\t\t\t\t<\/div>\n\t\t<\/div>\n\t\t\t\t\t\t\t\t<\/div>\n\t\t\t\t\t<\/div>\n\t\t<\/section>\n\t\t\t\t<section class=\"elementor-section elementor-top-section elementor-element elementor-element-88e9936 elementor-section-boxed elementor-section-height-default elementor-section-height-default\" data-id=\"88e9936\" data-element_type=\"section\">\n\t\t\t\t\t\t<div class=\"elementor-container elementor-column-gap-default\">\n\t\t\t\t\t\t\t<div class=\"elementor-row\">\n\t\t\t\t\t<div class=\"elementor-column elementor-col-100 elementor-top-column elementor-element elementor-element-ae7195a\" data-id=\"ae7195a\" data-element_type=\"column\">\n\t\t\t<div class=\"elementor-column-wrap elementor-element-populated\">\n\t\t\t\t\t\t\t<div class=\"elementor-widget-wrap\">\n\t\t\t\t\t\t<div class=\"elementor-element elementor-element-588b617 elementor-widget elementor-widget-spacer\" data-id=\"588b617\" data-element_type=\"widget\" data-widget_type=\"spacer.default\">\n\t\t\t\t<div class=\"elementor-widget-container\">\n\t\t\t\t\t<div class=\"elementor-spacer\">\n\t\t\t<div class=\"elementor-spacer-inner\"><\/div>\n\t\t<\/div>\n\t\t\t\t<\/div>\n\t\t\t\t<\/div>\n\t\t\t\t<div class=\"elementor-element elementor-element-68bb4bc elementor-widget elementor-widget-text-editor\" data-id=\"68bb4bc\" data-element_type=\"widget\" data-widget_type=\"text-editor.default\">\n\t\t\t\t<div class=\"elementor-widget-container\">\n\t\t\t\t\t\t\t\t<div class=\"elementor-text-editor elementor-clearfix\">\n\t\t\t\t<strong>Qual \u00e9 a import\u00e2ncia das redes sociais e do Google dentro da estrat\u00e9gia do Nexo? Tendo em vista a circula\u00e7\u00e3o de desinforma\u00e7\u00e3o nas redes sociais e a falta de transpar\u00eancia das plataformas.<\/strong><br><br>\n\nNo meio dessa desinforma\u00e7\u00e3o e desconfian\u00e7a, a gente tem procurado maneiras de sinalizar para os nossos leitores quais s\u00e3o os crit\u00e9rios que usamos para atribuir confiabilidade na informa\u00e7\u00e3o que produzimos. A transpar\u00eancia radical que eu falo dialoga com isso, como se estabelece uma rela\u00e7\u00e3o de confian\u00e7a, como voc\u00ea fala para o leitor qual \u00e9 o processo de produ\u00e7\u00e3o daquela not\u00edcia. Em rela\u00e7\u00e3o \u00e0s plataformas, a gente tem usado todas elas &#8211; <a href=\"https:\/\/www.facebook.com\/nexojornal\/\" target=\"_blank\" rel=\"noopener\">Facebook<\/a> , <a href=\"https:\/\/twitter.com\/NexoJornal\" target=\"_blank\" rel=\"noopener\">Twitter<\/a>, <a href=\"https:\/\/www.instagram.com\/nexojornal\/?hl=pt-br\" target=\"_blank\" rel=\"noopener\">Instagram<\/a> -, tentando entender a fun\u00e7\u00e3o de cada uma, criando uma vers\u00e3o do Nexo de uso de cada uma delas. Hoje elas trazem muitos leitores para o Nexo. Muitas pessoas acessam o Nexo pela home, ainda que, l\u00e1 atr\u00e1s, as pessoas tenham dito que isso estava em decl\u00ednio e mesmo sem a gente ser um jornal totalmente noticioso.\t\t\t\t\t<\/div>\n\t\t\t\t\t\t<\/div>\n\t\t\t\t<\/div>\n\t\t\t\t\t\t<\/div>\n\t\t\t\t\t<\/div>\n\t\t<\/div>\n\t\t\t\t\t\t\t\t<\/div>\n\t\t\t\t\t<\/div>\n\t\t<\/section>\n\t\t\t\t<section class=\"elementor-section elementor-top-section elementor-element elementor-element-9d78afc elementor-section-boxed elementor-section-height-default elementor-section-height-default\" data-id=\"9d78afc\" data-element_type=\"section\">\n\t\t\t\t\t\t<div class=\"elementor-container elementor-column-gap-default\">\n\t\t\t\t\t\t\t<div class=\"elementor-row\">\n\t\t\t\t\t<div class=\"elementor-column elementor-col-100 elementor-top-column elementor-element elementor-element-4112053\" data-id=\"4112053\" data-element_type=\"column\">\n\t\t\t<div class=\"elementor-column-wrap elementor-element-populated\">\n\t\t\t\t\t\t\t<div class=\"elementor-widget-wrap\">\n\t\t\t\t\t\t<div class=\"elementor-element elementor-element-0c75c7b elementor-widget elementor-widget-text-editor\" data-id=\"0c75c7b\" data-element_type=\"widget\" data-widget_type=\"text-editor.default\">\n\t\t\t\t<div class=\"elementor-widget-container\">\n\t\t\t\t\t\t\t\t<div class=\"elementor-text-editor elementor-clearfix\">\n\t\t\t\t<strong>As redes sociais ainda s\u00e3o uma fonte de tr\u00e1fego importante?<\/strong><br><br>\n\nAinda s\u00e3o uma fonte importante, mas n\u00e3o como eram. Antes havia uma primazia das redes sociais e hoje a busca org\u00e2nica \u00e9 tamb\u00e9m muito importante, com tend\u00eancia de crescimento. Mas as redes sociais s\u00e3o um canal de muita conversa, muita troca. Para n\u00f3s \u00e9 um combinado, a gente tem investido em todas essas frentes. E temos olhado o <a href=\"https:\/\/www.youtube.com\/channel\/UCJVTsYjG0KLNWL6OyHx7ZGw\" target=\"_blank\" rel=\"noopener\">YouTube<\/a> com cada vez mais aten\u00e7\u00e3o. Ganhamos um <a href=\"https:\/\/newsinitiative.withgoogle.com\/youtube\/funding\/\" target=\"_blank\" rel=\"noopener\">financiamento do YouTube<\/a> para desenvolver produtos novos junto com mais tr\u00eas ve\u00edculos no Brasil e um conjunto de outros ve\u00edculos no mundo, \u00e9 um funding internacional. O YouTube \u00e9 um buscador super importante hoje e a aba Comunidade do nosso canal tem se mostrado um lugar muito vivo tamb\u00e9m de troca a intera\u00e7\u00e3o.\t\t\t\t\t<\/div>\n\t\t\t\t\t\t<\/div>\n\t\t\t\t<\/div>\n\t\t\t\t\t\t<\/div>\n\t\t\t\t\t<\/div>\n\t\t<\/div>\n\t\t\t\t\t\t\t\t<\/div>\n\t\t\t\t\t<\/div>\n\t\t<\/section>\n\t\t\t\t<section class=\"elementor-section elementor-top-section elementor-element elementor-element-932634a elementor-section-boxed elementor-section-height-default elementor-section-height-default\" data-id=\"932634a\" data-element_type=\"section\">\n\t\t\t\t\t\t<div class=\"elementor-container elementor-column-gap-default\">\n\t\t\t\t\t\t\t<div class=\"elementor-row\">\n\t\t\t\t\t<div class=\"elementor-column elementor-col-50 elementor-top-column elementor-element elementor-element-dc8519c\" data-id=\"dc8519c\" data-element_type=\"column\">\n\t\t\t<div class=\"elementor-column-wrap\">\n\t\t\t\t\t\t\t<div class=\"elementor-widget-wrap\">\n\t\t\t\t\t\t\t\t<\/div>\n\t\t\t\t\t<\/div>\n\t\t<\/div>\n\t\t\t\t<div class=\"elementor-column elementor-col-50 elementor-top-column elementor-element elementor-element-1bd54e9\" data-id=\"1bd54e9\" data-element_type=\"column\">\n\t\t\t<div class=\"elementor-column-wrap elementor-element-populated\">\n\t\t\t\t\t\t\t<div class=\"elementor-widget-wrap\">\n\t\t\t\t\t\t<div class=\"elementor-element elementor-element-cbdbbfa elementor-widget elementor-widget-text-editor\" data-id=\"cbdbbfa\" data-element_type=\"widget\" data-widget_type=\"text-editor.default\">\n\t\t\t\t<div class=\"elementor-widget-container\">\n\t\t\t\t\t\t\t\t<div class=\"elementor-text-editor elementor-clearfix\">\n\t\t\t\tA rela\u00e7\u00e3o entre jornalismo e plataformas tem sido objeto de muitas reflex\u00f5es e algumas cr\u00edticas. Na <u><a href=\"https:\/\/mailchi.mp\/8fa0023ccc66\/nfj225-apple-news-ajuda-ou-beijo-da-morte-o-conflito-de-interesses-entre-google-e-jornalismo-o-problema-da-memria-pblica-na-era-digital?e=199f33b62b\" rel=\"noopener\" target=\"_blank\">NFJ #225<\/a><\/u>, a professora Emily Bell fala em conflito de interesses entre jornalismo e Google. E na <u><a href=\"https:\/\/us8.admin.mailchimp.com\/campaigns\/show?id=2173889\" rel=\"noopener\" target=\"_blank\">NFJ #197<\/a><\/u> abordamos esse relacionamento complicado, em que o tr\u00e1fego do Facebook para os site de not\u00edcia s\u00f3 despenca.\t\t\t\t\t<\/div>\n\t\t\t\t\t\t<\/div>\n\t\t\t\t<\/div>\n\t\t\t\t\t\t<\/div>\n\t\t\t\t\t<\/div>\n\t\t<\/div>\n\t\t\t\t\t\t\t\t<\/div>\n\t\t\t\t\t<\/div>\n\t\t<\/section>\n\t\t\t\t<section class=\"elementor-section elementor-top-section elementor-element elementor-element-c4cda64 elementor-section-boxed elementor-section-height-default elementor-section-height-default\" data-id=\"c4cda64\" data-element_type=\"section\">\n\t\t\t\t\t\t<div class=\"elementor-container elementor-column-gap-default\">\n\t\t\t\t\t\t\t<div class=\"elementor-row\">\n\t\t\t\t\t<div class=\"elementor-column elementor-col-100 elementor-top-column elementor-element elementor-element-d660054\" data-id=\"d660054\" data-element_type=\"column\">\n\t\t\t<div class=\"elementor-column-wrap elementor-element-populated\">\n\t\t\t\t\t\t\t<div class=\"elementor-widget-wrap\">\n\t\t\t\t\t\t<div class=\"elementor-element elementor-element-0d10b83 elementor-widget elementor-widget-text-editor\" data-id=\"0d10b83\" data-element_type=\"widget\" data-widget_type=\"text-editor.default\">\n\t\t\t\t<div class=\"elementor-widget-container\">\n\t\t\t\t\t\t\t\t<div class=\"elementor-text-editor elementor-clearfix\">\n\t\t\t\t<strong>A Intelig\u00eancia Artificial t\u00eam entrado nas reda\u00e7\u00f5es por meio de not\u00edcias automatizadas e de chatbots, por exemplo. O Nexo criou um <a href=\"https:\/\/www.facebook.com\/nexojornal\/posts\/2148618128745048\/\" target=\"_blank\" rel=\"noopener\">chatbot com quest\u00f5es do Enem<\/a>. Pode contar um pouco como ele foi produzido e os resultados?<\/strong><br><br>\n\nN\u00f3s adoramos esse projeto, fizemos em car\u00e1ter piloto por dois anos. Ele foi super bem avaliado por quem usou, o retorno foi muito bom, tanto qualitativo quanto quantitativo. E queremos expandi-lo para este ano, queremos alcan\u00e7ar um p\u00fablico ainda maior. Esse \u00e9 um daqueles projetos em que podemos experimentar um formato novo. Mas ele \u00e9 ainda mais importante porque estamos ajudando pessoas a se prepararem para um teste como o Enem, e damos um significado novo para o conte\u00fado que produzimos. Traz uma satisfa\u00e7\u00e3o muito grande saber que as pessoas usaram o jornalismo que a gente produz para se preparar para um teste que \u00e9 super importante para a vida delas e pode impactar muito suas trajet\u00f3rias. \u00c9 um projeto que junta muitas dimens\u00f5es e que ilustra o que a gente conversava no come\u00e7o da entrevista, porque ele \u00e9 fruto do trabalho de v\u00e1rias equipes: envolve a equipe de Tecnologia, envolveu a equipe de Redes, que foi quem criou o projeto, e tem um olhar editorial para a sele\u00e7\u00e3o dos conte\u00fados. Trata-se do resultado da intera\u00e7\u00e3o de diferentes n\u00facleos.\t\t\t\t\t<\/div>\n\t\t\t\t\t\t<\/div>\n\t\t\t\t<\/div>\n\t\t\t\t\t\t<\/div>\n\t\t\t\t\t<\/div>\n\t\t<\/div>\n\t\t\t\t\t\t\t\t<\/div>\n\t\t\t\t\t<\/div>\n\t\t<\/section>\n\t\t\t\t<section class=\"elementor-section elementor-top-section elementor-element elementor-element-e9aaef8 elementor-section-boxed elementor-section-height-default elementor-section-height-default\" data-id=\"e9aaef8\" data-element_type=\"section\">\n\t\t\t\t\t\t<div class=\"elementor-container elementor-column-gap-default\">\n\t\t\t\t\t\t\t<div class=\"elementor-row\">\n\t\t\t\t\t<div class=\"elementor-column elementor-col-100 elementor-top-column elementor-element elementor-element-42761b0\" data-id=\"42761b0\" data-element_type=\"column\">\n\t\t\t<div class=\"elementor-column-wrap elementor-element-populated\">\n\t\t\t\t\t\t\t<div class=\"elementor-widget-wrap\">\n\t\t\t\t\t\t<div class=\"elementor-element elementor-element-7c12fba elementor-widget elementor-widget-image\" data-id=\"7c12fba\" data-element_type=\"widget\" data-widget_type=\"image.default\">\n\t\t\t\t<div class=\"elementor-widget-container\">\n\t\t\t\t\t\t\t\t<div class=\"elementor-image\">\n\t\t\t\t\t\t\t\t\t<figure class=\"wp-caption\">\n\t\t\t\t\t\t\t\t\t\t<img loading=\"lazy\" decoding=\"async\" width=\"5201\" height=\"3468\" src=\"http:\/\/faroljornalismo.cc\/blog\/wp-content\/uploads\/2019\/06\/FOTO_02-1.jpg\" class=\"attachment-full size-full\" alt=\"\" srcset=\"http:\/\/faroljornalismo.cc\/blog\/wp-content\/uploads\/2019\/06\/FOTO_02-1.jpg 5201w, http:\/\/faroljornalismo.cc\/blog\/wp-content\/uploads\/2019\/06\/FOTO_02-1-300x200.jpg 300w, http:\/\/faroljornalismo.cc\/blog\/wp-content\/uploads\/2019\/06\/FOTO_02-1-768x512.jpg 768w, http:\/\/faroljornalismo.cc\/blog\/wp-content\/uploads\/2019\/06\/FOTO_02-1-1024x683.jpg 1024w\" sizes=\"(max-width: 5201px) 100vw, 5201px\" \/>\t\t\t\t\t\t\t\t\t\t\t<figcaption class=\"widget-image-caption wp-caption-text\">Reda\u00e7\u00e3o do Nexo. Foto: Ricardo Monteiro<\/figcaption>\n\t\t\t\t\t\t\t\t\t\t<\/figure>\n\t\t\t\t\t\t\t\t<\/div>\n\t\t\t\t\t\t<\/div>\n\t\t\t\t<\/div>\n\t\t\t\t\t\t<\/div>\n\t\t\t\t\t<\/div>\n\t\t<\/div>\n\t\t\t\t\t\t\t\t<\/div>\n\t\t\t\t\t<\/div>\n\t\t<\/section>\n\t\t\t\t<section class=\"elementor-section elementor-top-section elementor-element elementor-element-d2d42de elementor-section-boxed elementor-section-height-default elementor-section-height-default\" data-id=\"d2d42de\" data-element_type=\"section\">\n\t\t\t\t\t\t<div class=\"elementor-container elementor-column-gap-default\">\n\t\t\t\t\t\t\t<div class=\"elementor-row\">\n\t\t\t\t\t<div class=\"elementor-column elementor-col-100 elementor-top-column elementor-element elementor-element-bcc0a2c\" data-id=\"bcc0a2c\" data-element_type=\"column\">\n\t\t\t<div class=\"elementor-column-wrap elementor-element-populated\">\n\t\t\t\t\t\t\t<div class=\"elementor-widget-wrap\">\n\t\t\t\t\t\t<div class=\"elementor-element elementor-element-53a3ac8 elementor-widget elementor-widget-spacer\" data-id=\"53a3ac8\" data-element_type=\"widget\" data-widget_type=\"spacer.default\">\n\t\t\t\t<div class=\"elementor-widget-container\">\n\t\t\t\t\t<div class=\"elementor-spacer\">\n\t\t\t<div class=\"elementor-spacer-inner\"><\/div>\n\t\t<\/div>\n\t\t\t\t<\/div>\n\t\t\t\t<\/div>\n\t\t\t\t<div class=\"elementor-element elementor-element-0931405 elementor-widget-divider--view-line elementor-widget elementor-widget-divider\" data-id=\"0931405\" data-element_type=\"widget\" data-widget_type=\"divider.default\">\n\t\t\t\t<div class=\"elementor-widget-container\">\n\t\t\t\t\t<div class=\"elementor-divider\">\n\t\t\t<span class=\"elementor-divider-separator\">\n\t\t\t\t\t\t<\/span>\n\t\t<\/div>\n\t\t\t\t<\/div>\n\t\t\t\t<\/div>\n\t\t\t\t<section class=\"elementor-section elementor-inner-section elementor-element elementor-element-071ff3e elementor-section-boxed elementor-section-height-default elementor-section-height-default\" data-id=\"071ff3e\" data-element_type=\"section\">\n\t\t\t\t\t\t<div class=\"elementor-container elementor-column-gap-default\">\n\t\t\t\t\t\t\t<div class=\"elementor-row\">\n\t\t\t\t\t<div class=\"elementor-column elementor-col-50 elementor-inner-column elementor-element elementor-element-9350748\" data-id=\"9350748\" data-element_type=\"column\">\n\t\t\t<div class=\"elementor-column-wrap\">\n\t\t\t\t\t\t\t<div class=\"elementor-widget-wrap\">\n\t\t\t\t\t\t\t\t<\/div>\n\t\t\t\t\t<\/div>\n\t\t<\/div>\n\t\t\t\t<div class=\"elementor-column elementor-col-50 elementor-inner-column elementor-element elementor-element-dba5509\" data-id=\"dba5509\" data-element_type=\"column\">\n\t\t\t<div class=\"elementor-column-wrap elementor-element-populated\">\n\t\t\t\t\t\t\t<div class=\"elementor-widget-wrap\">\n\t\t\t\t\t\t<div class=\"elementor-element elementor-element-8cbaa7a elementor-widget elementor-widget-text-editor\" data-id=\"8cbaa7a\" data-element_type=\"widget\" data-widget_type=\"text-editor.default\">\n\t\t\t\t<div class=\"elementor-widget-container\">\n\t\t\t\t\t\t\t\t<div class=\"elementor-text-editor elementor-clearfix\">\n\t\t\t\t<em>Relacionamento com os leitores: a experi\u00eancia do grupo do Facebook do Nexo \u00e9 marcante no jornalismo brasileiro e mostra como ouvir e interagir com a audi\u00eancia pode qualificar o debate, melhorar as pautas e criar um senso de comunidade.<\/em><br><BR>\n\n<em>Curva de crescimento: diante de um contexto de crise, o Nexo parece ir no sentido oposto. Anunciou a cria\u00e7\u00e3o de um novo ve\u00edculo, est\u00e1 prestes a conseguir a sustentabilidade financeira e planeja novos produtos e projetos.<\/em><br><BR>\n\n<em>Reda\u00e7\u00f5es enxutas e segmentadas: assim como o Jota e a Ag\u00eancia P\u00fablica (s\u00f3 para citar dois exemplos), o Nexo \u00e9 parte de uma tend\u00eancia que come\u00e7amos a observar. Reda\u00e7\u00f5es com menos de 40 pessoas, focadas em determinado nicho (no caso deles, o segmento tem\u00e1tico do jornalismo explicativo).<\/em>\t\t\t\t\t<\/div>\n\t\t\t\t\t\t<\/div>\n\t\t\t\t<\/div>\n\t\t\t\t\t\t<\/div>\n\t\t\t\t\t<\/div>\n\t\t<\/div>\n\t\t\t\t\t\t\t\t<\/div>\n\t\t\t\t\t<\/div>\n\t\t<\/section>\n\t\t\t\t<div class=\"elementor-element elementor-element-784e810 elementor-widget elementor-widget-spacer\" data-id=\"784e810\" data-element_type=\"widget\" data-widget_type=\"spacer.default\">\n\t\t\t\t<div class=\"elementor-widget-container\">\n\t\t\t\t\t<div class=\"elementor-spacer\">\n\t\t\t<div class=\"elementor-spacer-inner\"><\/div>\n\t\t<\/div>\n\t\t\t\t<\/div>\n\t\t\t\t<\/div>\n\t\t\t\t<div class=\"elementor-element elementor-element-ec8ac1f elementor-align-center elementor-widget elementor-widget-button\" data-id=\"ec8ac1f\" data-element_type=\"widget\" data-widget_type=\"button.default\">\n\t\t\t\t<div class=\"elementor-widget-container\">\n\t\t\t\t\t<div class=\"elementor-button-wrapper\">\n\t\t\t<a href=\"https:\/\/mailchi.mp\/682cf78604e6\/sadb8tzjqi\" target=\"_blank\" class=\"elementor-button-link elementor-button elementor-size-xl\" role=\"button\">\n\t\t\t\t\t\t<span class=\"elementor-button-content-wrapper\">\n\t\t\t\t\t\t<span class=\"elementor-button-text\">Assine a Newsletter Farol Jornalismo. \u00c9 gr\u00e1tis!<\/span>\n\t\t<\/span>\n\t\t\t\t\t<\/a>\n\t\t<\/div>\n\t\t\t\t<\/div>\n\t\t\t\t<\/div>\n\t\t\t\t\t\t<\/div>\n\t\t\t\t\t<\/div>\n\t\t<\/div>\n\t\t\t\t\t\t\t\t<\/div>\n\t\t\t\t\t<\/div>\n\t\t<\/section>\n\t\t\t\t\t\t<\/div>\n\t\t\t\t\t\t<\/div>\n\t\t\t\t\t<\/div>\n\t\t","protected":false},"excerpt":{"rendered":"<p>Entrevistada por L\u00edvia Vieira, Paula Miraglia, CEO e cofundadora do Nexo Jornal, fala sobre sustentabilidade financeira e sobre a cultura de inova\u00e7\u00e3o, que \u00e9 marca desde a cria\u00e7\u00e3o do ve\u00edculo, em 2015.<\/p>\n","protected":false},"author":5,"featured_media":2021,"parent":0,"menu_order":0,"comment_status":"closed","ping_status":"closed","template":"","meta":{"_mi_skip_tracking":false,"_exactmetrics_sitenote_active":false,"_exactmetrics_sitenote_note":"","_exactmetrics_sitenote_category":0,"footnotes":""},"_links":{"self":[{"href":"http:\/\/faroljornalismo.cc\/blog\/wp-json\/wp\/v2\/pages\/2001"}],"collection":[{"href":"http:\/\/faroljornalismo.cc\/blog\/wp-json\/wp\/v2\/pages"}],"about":[{"href":"http:\/\/faroljornalismo.cc\/blog\/wp-json\/wp\/v2\/types\/page"}],"author":[{"embeddable":true,"href":"http:\/\/faroljornalismo.cc\/blog\/wp-json\/wp\/v2\/users\/5"}],"replies":[{"embeddable":true,"href":"http:\/\/faroljornalismo.cc\/blog\/wp-json\/wp\/v2\/comments?post=2001"}],"version-history":[{"count":77,"href":"http:\/\/faroljornalismo.cc\/blog\/wp-json\/wp\/v2\/pages\/2001\/revisions"}],"predecessor-version":[{"id":2445,"href":"http:\/\/faroljornalismo.cc\/blog\/wp-json\/wp\/v2\/pages\/2001\/revisions\/2445"}],"wp:featuredmedia":[{"embeddable":true,"href":"http:\/\/faroljornalismo.cc\/blog\/wp-json\/wp\/v2\/media\/2021"}],"wp:attachment":[{"href":"http:\/\/faroljornalismo.cc\/blog\/wp-json\/wp\/v2\/media?parent=2001"}],"curies":[{"name":"wp","href":"https:\/\/api.w.org\/{rel}","templated":true}]}}